{"id":57,"date":"2020-06-17T12:49:36","date_gmt":"2020-06-17T12:49:36","guid":{"rendered":"https:\/\/themes.muffingroup.com\/be\/artist3\/?post_type=product&#038;p=57"},"modified":"2022-03-17T13:14:42","modified_gmt":"2022-03-17T11:14:42","slug":"nulla-eu-elit","status":"publish","type":"product","link":"https:\/\/www.inreghin.ro\/marcel-naste\/produs\/nulla-eu-elit\/","title":{"rendered":"Autor"},"content":{"rendered":"<p>Marea evadare sau r\u0103d\u0103cini spre cer!<\/p>\n<p>Motto: \u201eArtistul a dat la o parte valul iluziei, pentru a ajunge la adev\u0103r.\u201d (Vasile Mure\u015fan)<\/p>\n<p>Pe Marcel Naste, acum artist \u00een deplin\u0103tatea for\u0163e creatoare, l-am cunoscut cu ani \u00een urm\u0103, intrigat\u0103 la \u00eenceput, apoi fascinat\u0103 de pictura lui, care cre\u015ftea odat\u0103 cu t\u00e2n\u0103rul frumos la chip \u015fi la suflet, izbucnind apoteotic, dincolo de p\u00e2nz\u0103 \u015fi de griurile unui cer intim lucid, ori doar sfios la \u00eenceput, \u00een tu\u015fe sigure, apoi, de culoare viguroas\u0103, \u015fi categoric lamel\u0103ri de \u015fpaclu.<br \/>\n\u00cen mod deloc paradoxal, aceste observa\u0163ii, de natur\u0103 \u201etehnic\u0103\u201d pot fi extrapolate la via\u0163a cea de toate zilele a Omului Marcel Naste, rapid maturizat de o ritmul trepidant \u015fi activitatea aglomerat\u0103, responsabil\u0103, a t\u00e2n\u0103rului director de institu\u0163ie cultural reghinean\u0103 cu activitate debordant\u0103, cap de frumoas\u0103 familie, cu copii minuna\u0163i.<\/p>\n<p>Este Marcel Naste un artist cu personalitate lesne de recunoscut, este o marc\u0103, un brend. Dar, \u00een primul r\u00e2nd, este un lupt\u0103tor tenace, pe care nu l-am surprins niciodat\u0103 cu garda jos. E un pictor de excep\u0163ional talent, \u00een a c\u0103rui traiectorie artistic\u0103 am crezut \u00eenc\u0103 de la \u00eenceput \u015fi m-am sim\u0163it onorat\u0103 \u201es\u0103 pun um\u0103rul\u201d, sprijinit\u0103 fiind, la r\u00e2ndul meu, de Omul Cet\u0103\u0163ii, care a r\u0103spuns mereu \u201ePrezent!\u201d la chem\u0103rile pe care I le-am transmis \u00een timp.<\/p>\n<p>L-am invitat \u015fi la recent \u00eencheiata edi\u0163ie a \u201ePun\u0163ilor de lumin\u0103\u201d, unde a adus o splendid\u0103 expozi\u0163ie cu tablouri din seria sa abstract\u0103, \u00een care cu greu mai reg\u0103se\u015fti zbuciumul plesnit din p\u00e2nza icoanelor ce l-au impus ca brend.<\/p>\n<p>Marcel Naste este artistul rom\u00e2n care a introdus, \u00een premier\u0103, icoana la Consulatul General al Rom\u00e2niei la Bonn, a fost invitat s\u0103 expun\u0103 la deschiderea Bibliotecii Na\u0163ionale din Bucure\u015fti \u015fi la Galeria de Art\u0103 \u201eIon Irimescu\u201d din municipiul Suceava \u2013 o expozi\u0163ie de pictur\u0103 cu genericul \u201eSimbol, Credin\u0163\u0103 \u015fi Art\u0103\u201d, unde \u00ee\u015fi etala icoanele \u015fi prapurii (combin\u00e2nd culorile de ulei cu foi\u0163a de aur, \u00eentr-o suprapunere de simboluri), demonstr\u00e2nd c\u0103 a reu\u015fit s\u0103-\u015fi contureze un stil propriu, considerat fiind deja \u201ev\u00e2rful genera\u0163iei tinere mure\u015fene\u201d. Lucr\u0103rile t\u00e2n\u0103rului artist (icoanele \u015fi prapurii &#8211; care au \u201eo fireasc\u0103 consubstan\u0163ialitate cu celelalte lucr\u0103ri religioase\u201d) sunt, afirma atunci, la Suceava, directorul Culturii mure\u015fene, scriitorul Nicolae B\u0103ciu\u0163, \u201easimilabile rug\u0103ciunii\u201d.<br \/>\n\u00cen zilele de 22-23 septembrie, la \u201ePun\u0163ile\u201d de la T\u00e2rgu-Mure\u015f, mi-a adus lucr\u0103ri tulbur\u0103toare, dar \u00een alt\u0103 manier\u0103 dec\u00e2t cea cu care ne fermecase la o alt\u0103 edi\u0163ie, c\u00e2nd, m\u0103rturisindu-\u015fi \u201ebaza teologic\u0103\u201d a crea\u0163iei, declara c\u0103 \u201ea reu\u015fit s\u0103 se deta\u015feze de spiritul iconografic standard\u201d, \u00eenclin\u00e2nd balan\u0163a spre latura artistic\u0103, pentru a crea&#8230; \u201eicoane mai deosebite\u201d. Aici nu au fost dec\u00e2t \u201eicoane\u201d al sufletelor, ale culorilor toamnei din noi. Cu adev\u0103rat, mai deosebite!!!<\/p>\n<p>\u201eTablourile sale din ciclul abstract \u015fi nuduri sunt complexe simfonii cromatice amintind de concertele de jazz, atunci c\u00e2nd solista-linie sau pat\u0103-iese \u00een fa\u0163\u0103. Pictura lui Marcel Naste nu reprezint\u0103 sentimente trec\u0103toare, are acoperire \u00een cunoa\u015ftere, exprimat\u0103 prin organizare, cromatic\u0103 \u015fi armonie. Artistul practic\u0103 o pictur\u0103 de limbaj, nu de motiv, acesta fiind numai un pretext.\u201d \u2013 observa, judicios, mai v\u00e2rstnicul confrate Vasile Mure\u015fan \u2013 la r\u00e2ndul s\u0103u artist de remarcabil\u0103 altitudine. &#8211; \u201eDiscursul plastic este unul armonic, rostit cursiv, f\u0103r\u0103 sincope. Concretul \u015fi abstractul, realitatea \u015fi fic\u0163iunea, figurativul \u015fi nonfigurativul, perechi antinomice, se \u00eempletesc armonios \u015fi transmit empatic tr\u0103irile \u015fi sentimentele artistului. Pendul\u00e2nd \u00eentre concret \u015fi abstract, \u00eentre cerebral \u015fi spontan, \u00eentre ra\u0163ional \u015fi ira\u0163ional, artistul se exprim\u0103 coerent \u015fi dovede\u015fte o foarte temeinic\u0103 st\u0103p\u00e2nire a mijloacelor de expresie, compozi\u0163ie, culoare, totul pe fondul unor armonii consonante \u015fi al unor forme plastice reduse la esen\u0163\u0103. \u00cen tablourile lui Marcel Naste se \u00eent\u00e2lnesc trasee amintind de o logic\u0103 obi\u015fnuit\u0103 a formelor &#8211; expresia energiei creatoare de factur\u0103 intelectual\u0103, \u00eempletite cu trasee spontane, imprevizibile, \u0163in\u00e2nd de hazard, amintind de Action-painting \u201d.<\/p>\n<p>\u00centr-adev\u0103r!<br \/>\n\u201e\u00cen psihanaliz\u0103 se consider\u0103 c\u0103 nuditatea \u015fi reprezentarea ei sunt expresia dorin\u0163elor de demascare \u015fi de punere \u00een valoare a adev\u0103ratei personalit\u0103\u0163i.\u201d \u2013 reamintea Vasile Mure\u015fan. Nu tocmai! \u2013 a\u015f zice eu. Nu cred c\u0103 psihanaliza a epuizat tot ce se poate afirma despre tr\u0103irile noastre. Marcel a pictat \u015fi \u201eNuduri\u201d. \u00cen acele tablouri \u2013 ca ni\u015fte \u201eaburi de femeie roz\u201d, parc\u0103 -, eu am avut senza\u0163ia c\u0103 artistul mai degrab\u0103 sublimeaz\u0103 realul, ca \u00eentr-un proces chimic \u2013 ca o detoxifiere, nu neap\u0103rat ca o lep\u0103dare de carnal, retras \u00een proiec\u0163ie. Fiindc\u0103, \u00een percep\u0163ia unui om sensibil, \u00een general, nu doar a unui artist, \u00eentre real \u015fi imaginar grani\u0163a este extrem de sub\u0163ire, c\u00e2t un fir de iarb\u0103. Este un om frumos \u015fi la chip, \u015fi la suflet, cum spuneam.:&#8230;<\/p>\n<p>Mariana Cristescu<\/p>\n","protected":false},"excerpt":{"rendered":"<p>&#8230; &#8222;Marcel Naste este artistul rom\u00e2n care a introdus, \u00een premier\u0103, icoana la Consulatul General al Rom\u00e2niei la Bonn, a fost invitat s\u0103 expun\u0103 la deschiderea Bibliotecii Na\u0163ionale din Bucure\u015fti \u015fi la Galeria de Art\u0103 \u201eIon Irimescu\u201d din municipiul Suceava \u2013 o expozi\u0163ie de pictur\u0103 cu genericul \u201eSimbol, Credin\u0163\u0103 \u015fi Art\u0103\u201d, unde \u00ee\u015fi etala icoanele \u015fi prapurii (combin\u00e2nd culorile de ulei cu foi\u0163a de aur, \u00eentr-o suprapunere de simboluri), demonstr\u00e2nd c\u0103 a reu\u015fit s\u0103-\u015fi contureze un stil propriu, considerat fiind deja \u201ev\u00e2rful genera\u0163iei tinere mure\u015fene\u201d&#8230;.<\/p>\n<p style=\"text-align: left\">Mariana Cristescu<\/p>\n","protected":false},"featured_media":3201,"comment_status":"closed","ping_status":"closed","template":"","meta":{"inline_featured_image":false},"product_brand":[],"product_cat":[16],"product_tag":[],"class_list":{"0":"post-57","1":"product","2":"type-product","3":"status-publish","4":"has-post-thumbnail","6":"product_cat-pictura-moderna","8":"first","9":"instock","10":"taxable","11":"shipping-taxable","12":"product-type-simple"},"yoast_head":"<!-- This site is optimized with the Yoast SEO plugin v27.5 - https:\/\/yoast.com\/product\/yoast-seo-wordpress\/ -->\n<title>Autor - Marcel Naste - despre cultur\u0103 \u0219i crea\u021bie<\/title>\n<meta name=\"robots\" content=\"index, follow, max-snippet:-1, max-image-preview:large, max-video-preview:-1\" \/>\n<link rel=\"canonical\" href=\"https:\/\/www.inreghin.ro\/marcel-naste\/produs\/nulla-eu-elit\/\" \/>\n<meta property=\"og:locale\" content=\"ro_RO\" \/>\n<meta property=\"og:type\" content=\"article\" \/>\n<meta property=\"og:title\" content=\"Autor - Marcel Naste - despre cultur\u0103 \u0219i crea\u021bie\" \/>\n<meta property=\"og:description\" content=\"... &quot;Marcel Naste este artistul rom\u00e2n care a introdus, \u00een premier\u0103, icoana la Consulatul General al Rom\u00e2niei la Bonn, a fost invitat s\u0103 expun\u0103 la deschiderea Bibliotecii Na\u0163ionale din Bucure\u015fti \u015fi la Galeria de Art\u0103 \u201eIon Irimescu\u201d din municipiul Suceava \u2013 o expozi\u0163ie de pictur\u0103 cu genericul \u201eSimbol, Credin\u0163\u0103 \u015fi Art\u0103\u201d, unde \u00ee\u015fi etala icoanele \u015fi prapurii (combin\u00e2nd culorile de ulei cu foi\u0163a de aur, \u00eentr-o suprapunere de simboluri), demonstr\u00e2nd c\u0103 a reu\u015fit s\u0103-\u015fi contureze un stil propriu, considerat fiind deja \u201ev\u00e2rful genera\u0163iei tinere mure\u015fene\u201d.... Mariana Cristescu\" \/>\n<meta property=\"og:url\" content=\"https:\/\/www.inreghin.ro\/marcel-naste\/produs\/nulla-eu-elit\/\" \/>\n<meta property=\"og:site_name\" content=\"Marcel Naste - despre cultur\u0103 \u0219i crea\u021bie\" \/>\n<meta property=\"article:modified_time\" content=\"2022-03-17T11:14:42+00:00\" \/>\n<meta property=\"og:image\" content=\"https:\/\/www.inreghin.ro\/marcel-naste\/wp-content\/uploads\/sites\/2\/2020\/06\/gggg.jpg\" \/>\n\t<meta property=\"og:image:width\" content=\"1523\" \/>\n\t<meta property=\"og:image:height\" content=\"1217\" \/>\n\t<meta property=\"og:image:type\" content=\"image\/jpeg\" \/>\n<meta name=\"twitter:card\" content=\"summary_large_image\" \/>\n<meta name=\"twitter:label1\" content=\"Timp estimat pentru citire\" \/>\n\t<meta name=\"twitter:data1\" content=\"4 minute\" \/>\n<script type=\"application\/ld+json\" class=\"yoast-schema-graph\">{\"@context\":\"https:\\\/\\\/schema.org\",\"@graph\":[{\"@type\":\"WebPage\",\"@id\":\"https:\\\/\\\/www.inreghin.ro\\\/marcel-naste\\\/produs\\\/nulla-eu-elit\\\/\",\"url\":\"https:\\\/\\\/www.inreghin.ro\\\/marcel-naste\\\/produs\\\/nulla-eu-elit\\\/\",\"name\":\"Autor - Marcel Naste - despre cultur\u0103 \u0219i crea\u021bie\",\"isPartOf\":{\"@id\":\"https:\\\/\\\/www.inreghin.ro\\\/marcel-naste\\\/#website\"},\"primaryImageOfPage\":{\"@id\":\"https:\\\/\\\/www.inreghin.ro\\\/marcel-naste\\\/produs\\\/nulla-eu-elit\\\/#primaryimage\"},\"image\":{\"@id\":\"https:\\\/\\\/www.inreghin.ro\\\/marcel-naste\\\/produs\\\/nulla-eu-elit\\\/#primaryimage\"},\"thumbnailUrl\":\"https:\\\/\\\/www.inreghin.ro\\\/marcel-naste\\\/wp-content\\\/uploads\\\/sites\\\/2\\\/2020\\\/06\\\/gggg.jpg\",\"datePublished\":\"2020-06-17T12:49:36+00:00\",\"dateModified\":\"2022-03-17T11:14:42+00:00\",\"breadcrumb\":{\"@id\":\"https:\\\/\\\/www.inreghin.ro\\\/marcel-naste\\\/produs\\\/nulla-eu-elit\\\/#breadcrumb\"},\"inLanguage\":\"ro-RO\",\"potentialAction\":[{\"@type\":\"ReadAction\",\"target\":[\"https:\\\/\\\/www.inreghin.ro\\\/marcel-naste\\\/produs\\\/nulla-eu-elit\\\/\"]}]},{\"@type\":\"ImageObject\",\"inLanguage\":\"ro-RO\",\"@id\":\"https:\\\/\\\/www.inreghin.ro\\\/marcel-naste\\\/produs\\\/nulla-eu-elit\\\/#primaryimage\",\"url\":\"https:\\\/\\\/www.inreghin.ro\\\/marcel-naste\\\/wp-content\\\/uploads\\\/sites\\\/2\\\/2020\\\/06\\\/gggg.jpg\",\"contentUrl\":\"https:\\\/\\\/www.inreghin.ro\\\/marcel-naste\\\/wp-content\\\/uploads\\\/sites\\\/2\\\/2020\\\/06\\\/gggg.jpg\",\"width\":1523,\"height\":1217},{\"@type\":\"BreadcrumbList\",\"@id\":\"https:\\\/\\\/www.inreghin.ro\\\/marcel-naste\\\/produs\\\/nulla-eu-elit\\\/#breadcrumb\",\"itemListElement\":[{\"@type\":\"ListItem\",\"position\":1,\"name\":\"Home\",\"item\":\"https:\\\/\\\/www.inreghin.ro\\\/marcel-naste\\\/\"},{\"@type\":\"ListItem\",\"position\":2,\"name\":\"Magazin\",\"item\":\"https:\\\/\\\/www.inreghin.ro\\\/marcel-naste\\\/magazin\\\/\"},{\"@type\":\"ListItem\",\"position\":3,\"name\":\"Autor\"}]},{\"@type\":\"WebSite\",\"@id\":\"https:\\\/\\\/www.inreghin.ro\\\/marcel-naste\\\/#website\",\"url\":\"https:\\\/\\\/www.inreghin.ro\\\/marcel-naste\\\/\",\"name\":\"Marcel Naste - despre cultur\u0103 \u0219i crea\u021bie\",\"description\":\"\",\"potentialAction\":[{\"@type\":\"SearchAction\",\"target\":{\"@type\":\"EntryPoint\",\"urlTemplate\":\"https:\\\/\\\/www.inreghin.ro\\\/marcel-naste\\\/?s={search_term_string}\"},\"query-input\":{\"@type\":\"PropertyValueSpecification\",\"valueRequired\":true,\"valueName\":\"search_term_string\"}}],\"inLanguage\":\"ro-RO\"}]}<\/script>\n<!-- \/ Yoast SEO plugin. -->","yoast_head_json":{"title":"Autor - Marcel Naste - despre cultur\u0103 \u0219i crea\u021bie","robots":{"index":"index","follow":"follow","max-snippet":"max-snippet:-1","max-image-preview":"max-image-preview:large","max-video-preview":"max-video-preview:-1"},"canonical":"https:\/\/www.inreghin.ro\/marcel-naste\/produs\/nulla-eu-elit\/","og_locale":"ro_RO","og_type":"article","og_title":"Autor - Marcel Naste - despre cultur\u0103 \u0219i crea\u021bie","og_description":"... \"Marcel Naste este artistul rom\u00e2n care a introdus, \u00een premier\u0103, icoana la Consulatul General al Rom\u00e2niei la Bonn, a fost invitat s\u0103 expun\u0103 la deschiderea Bibliotecii Na\u0163ionale din Bucure\u015fti \u015fi la Galeria de Art\u0103 \u201eIon Irimescu\u201d din municipiul Suceava \u2013 o expozi\u0163ie de pictur\u0103 cu genericul \u201eSimbol, Credin\u0163\u0103 \u015fi Art\u0103\u201d, unde \u00ee\u015fi etala icoanele \u015fi prapurii (combin\u00e2nd culorile de ulei cu foi\u0163a de aur, \u00eentr-o suprapunere de simboluri), demonstr\u00e2nd c\u0103 a reu\u015fit s\u0103-\u015fi contureze un stil propriu, considerat fiind deja \u201ev\u00e2rful genera\u0163iei tinere mure\u015fene\u201d.... Mariana Cristescu","og_url":"https:\/\/www.inreghin.ro\/marcel-naste\/produs\/nulla-eu-elit\/","og_site_name":"Marcel Naste - despre cultur\u0103 \u0219i crea\u021bie","article_modified_time":"2022-03-17T11:14:42+00:00","og_image":[{"width":1523,"height":1217,"url":"https:\/\/www.inreghin.ro\/marcel-naste\/wp-content\/uploads\/sites\/2\/2020\/06\/gggg.jpg","type":"image\/jpeg"}],"twitter_card":"summary_large_image","twitter_misc":{"Timp estimat pentru citire":"4 minute"},"schema":{"@context":"https:\/\/schema.org","@graph":[{"@type":"WebPage","@id":"https:\/\/www.inreghin.ro\/marcel-naste\/produs\/nulla-eu-elit\/","url":"https:\/\/www.inreghin.ro\/marcel-naste\/produs\/nulla-eu-elit\/","name":"Autor - Marcel Naste - despre cultur\u0103 \u0219i crea\u021bie","isPartOf":{"@id":"https:\/\/www.inreghin.ro\/marcel-naste\/#website"},"primaryImageOfPage":{"@id":"https:\/\/www.inreghin.ro\/marcel-naste\/produs\/nulla-eu-elit\/#primaryimage"},"image":{"@id":"https:\/\/www.inreghin.ro\/marcel-naste\/produs\/nulla-eu-elit\/#primaryimage"},"thumbnailUrl":"https:\/\/www.inreghin.ro\/marcel-naste\/wp-content\/uploads\/sites\/2\/2020\/06\/gggg.jpg","datePublished":"2020-06-17T12:49:36+00:00","dateModified":"2022-03-17T11:14:42+00:00","breadcrumb":{"@id":"https:\/\/www.inreghin.ro\/marcel-naste\/produs\/nulla-eu-elit\/#breadcrumb"},"inLanguage":"ro-RO","potentialAction":[{"@type":"ReadAction","target":["https:\/\/www.inreghin.ro\/marcel-naste\/produs\/nulla-eu-elit\/"]}]},{"@type":"ImageObject","inLanguage":"ro-RO","@id":"https:\/\/www.inreghin.ro\/marcel-naste\/produs\/nulla-eu-elit\/#primaryimage","url":"https:\/\/www.inreghin.ro\/marcel-naste\/wp-content\/uploads\/sites\/2\/2020\/06\/gggg.jpg","contentUrl":"https:\/\/www.inreghin.ro\/marcel-naste\/wp-content\/uploads\/sites\/2\/2020\/06\/gggg.jpg","width":1523,"height":1217},{"@type":"BreadcrumbList","@id":"https:\/\/www.inreghin.ro\/marcel-naste\/produs\/nulla-eu-elit\/#breadcrumb","itemListElement":[{"@type":"ListItem","position":1,"name":"Home","item":"https:\/\/www.inreghin.ro\/marcel-naste\/"},{"@type":"ListItem","position":2,"name":"Magazin","item":"https:\/\/www.inreghin.ro\/marcel-naste\/magazin\/"},{"@type":"ListItem","position":3,"name":"Autor"}]},{"@type":"WebSite","@id":"https:\/\/www.inreghin.ro\/marcel-naste\/#website","url":"https:\/\/www.inreghin.ro\/marcel-naste\/","name":"Marcel Naste - despre cultur\u0103 \u0219i crea\u021bie","description":"","potentialAction":[{"@type":"SearchAction","target":{"@type":"EntryPoint","urlTemplate":"https:\/\/www.inreghin.ro\/marcel-naste\/?s={search_term_string}"},"query-input":{"@type":"PropertyValueSpecification","valueRequired":true,"valueName":"search_term_string"}}],"inLanguage":"ro-RO"}]}},"_links":{"self":[{"href":"https:\/\/www.inreghin.ro\/marcel-naste\/wp-json\/wp\/v2\/product\/57","targetHints":{"allow":["GET"]}}],"collection":[{"href":"https:\/\/www.inreghin.ro\/marcel-naste\/wp-json\/wp\/v2\/product"}],"about":[{"href":"https:\/\/www.inreghin.ro\/marcel-naste\/wp-json\/wp\/v2\/types\/product"}],"replies":[{"embeddable":true,"href":"https:\/\/www.inreghin.ro\/marcel-naste\/wp-json\/wp\/v2\/comments?post=57"}],"wp:featuredmedia":[{"embeddable":true,"href":"https:\/\/www.inreghin.ro\/marcel-naste\/wp-json\/wp\/v2\/media\/3201"}],"wp:attachment":[{"href":"https:\/\/www.inreghin.ro\/marcel-naste\/wp-json\/wp\/v2\/media?parent=57"}],"wp:term":[{"taxonomy":"product_brand","embeddable":true,"href":"https:\/\/www.inreghin.ro\/marcel-naste\/wp-json\/wp\/v2\/product_brand?post=57"},{"taxonomy":"product_cat","embeddable":true,"href":"https:\/\/www.inreghin.ro\/marcel-naste\/wp-json\/wp\/v2\/product_cat?post=57"},{"taxonomy":"product_tag","embeddable":true,"href":"https:\/\/www.inreghin.ro\/marcel-naste\/wp-json\/wp\/v2\/product_tag?post=57"}],"curies":[{"name":"wp","href":"https:\/\/api.w.org\/{rel}","templated":true}]}}