{"id":64,"date":"2020-11-26T12:22:31","date_gmt":"2020-11-26T12:22:31","guid":{"rendered":"https:\/\/themes.muffingroup.com\/be\/kindergarten4_el\/?page_id=64"},"modified":"2021-06-25T12:31:17","modified_gmt":"2021-06-25T12:31:17","slug":"cine-suntem","status":"publish","type":"page","link":"https:\/\/www.inreghin.ro\/gradinita-voinicel\/cine-suntem\/","title":{"rendered":"Cine suntem"},"content":{"rendered":"\t\t<div data-elementor-type=\"wp-page\" data-elementor-id=\"64\" class=\"elementor elementor-64\">\n\t\t\t\t\t\t<section class=\"elementor-section elementor-top-section elementor-element elementor-element-e02c1f4 elementor-section-full_width elementor-section-stretched elementor-section-height-default elementor-section-height-default\" data-id=\"e02c1f4\" data-element_type=\"section\" data-e-type=\"section\" data-settings=\"{&quot;stretch_section&quot;:&quot;section-stretched&quot;}\">\n\t\t\t\t\t\t<div class=\"elementor-container elementor-column-gap-no\">\n\t\t\t\t\t<div class=\"elementor-column elementor-col-100 elementor-top-column elementor-element elementor-element-fffc3c5\" data-id=\"fffc3c5\" data-element_type=\"column\" data-e-type=\"column\">\n\t\t\t<div class=\"elementor-widget-wrap elementor-element-populated\">\n\t\t\t\t\t\t<div class=\"elementor-element elementor-element-a8a1907 elementor-widget elementor-widget-image\" data-id=\"a8a1907\" data-element_type=\"widget\" data-e-type=\"widget\" data-widget_type=\"image.default\">\n\t\t\t\t<div class=\"elementor-widget-container\">\n\t\t\t\t\t\t\t\t\t\t\t\t\t\t\t<img decoding=\"async\" width=\"204\" height=\"204\" src=\"https:\/\/www.inreghin.ro\/gradinita-voinicel\/wp-content\/uploads\/sites\/11\/2020\/11\/kindergarten4-who-icon3-1.png\" class=\"attachment-full size-full wp-image-120\" alt=\"\" srcset=\"https:\/\/www.inreghin.ro\/gradinita-voinicel\/wp-content\/uploads\/sites\/11\/2020\/11\/kindergarten4-who-icon3-1.png 204w, https:\/\/www.inreghin.ro\/gradinita-voinicel\/wp-content\/uploads\/sites\/11\/2020\/11\/kindergarten4-who-icon3-1-150x150.png 150w, https:\/\/www.inreghin.ro\/gradinita-voinicel\/wp-content\/uploads\/sites\/11\/2020\/11\/kindergarten4-who-icon3-1-146x146.png 146w, https:\/\/www.inreghin.ro\/gradinita-voinicel\/wp-content\/uploads\/sites\/11\/2020\/11\/kindergarten4-who-icon3-1-50x50.png 50w, https:\/\/www.inreghin.ro\/gradinita-voinicel\/wp-content\/uploads\/sites\/11\/2020\/11\/kindergarten4-who-icon3-1-75x75.png 75w, https:\/\/www.inreghin.ro\/gradinita-voinicel\/wp-content\/uploads\/sites\/11\/2020\/11\/kindergarten4-who-icon3-1-85x85.png 85w, https:\/\/www.inreghin.ro\/gradinita-voinicel\/wp-content\/uploads\/sites\/11\/2020\/11\/kindergarten4-who-icon3-1-80x80.png 80w\" sizes=\"(max-width:767px) 204px, 204px\" \/>\t\t\t\t\t\t\t\t\t\t\t\t\t\t\t<\/div>\n\t\t\t\t<\/div>\n\t\t\t\t\t<\/div>\n\t\t<\/div>\n\t\t\t\t\t<\/div>\n\t\t<\/section>\n\t\t\t\t<section class=\"elementor-section elementor-top-section elementor-element elementor-element-14ebd1d elementor-section-stretched elementor-section-boxed elementor-section-height-default elementor-section-height-default\" data-id=\"14ebd1d\" data-element_type=\"section\" data-e-type=\"section\" data-settings=\"{&quot;stretch_section&quot;:&quot;section-stretched&quot;}\">\n\t\t\t\t\t\t<div class=\"elementor-container elementor-column-gap-wider\">\n\t\t\t\t\t<div class=\"elementor-column elementor-col-100 elementor-top-column elementor-element elementor-element-acb6100\" data-id=\"acb6100\" data-element_type=\"column\" data-e-type=\"column\">\n\t\t\t<div class=\"elementor-widget-wrap elementor-element-populated\">\n\t\t\t\t\t\t<section class=\"elementor-section elementor-inner-section elementor-element elementor-element-8325af7 elementor-section-boxed elementor-section-height-default elementor-section-height-default\" data-id=\"8325af7\" data-element_type=\"section\" data-e-type=\"section\">\n\t\t\t\t\t\t<div class=\"elementor-container elementor-column-gap-default\">\n\t\t\t\t\t<div class=\"elementor-column elementor-col-100 elementor-inner-column elementor-element elementor-element-8e4f1a9\" data-id=\"8e4f1a9\" data-element_type=\"column\" data-e-type=\"column\">\n\t\t\t<div class=\"elementor-widget-wrap elementor-element-populated\">\n\t\t\t\t\t\t<div class=\"elementor-element elementor-element-a05b884 elementor-widget elementor-widget-text-editor\" data-id=\"a05b884\" data-element_type=\"widget\" data-e-type=\"widget\" data-widget_type=\"text-editor.default\">\n\t\t\t\t<div class=\"elementor-widget-container\">\n\t\t\t\t\t\t\t\t\t<h2>Gr\u0103dini\u021ba noastr\u0103<\/h2>\t\t\t\t\t\t\t\t<\/div>\n\t\t\t\t<\/div>\n\t\t\t\t\t<\/div>\n\t\t<\/div>\n\t\t\t\t\t<\/div>\n\t\t<\/section>\n\t\t\t\t<section class=\"elementor-section elementor-inner-section elementor-element elementor-element-5e32c06 elementor-section-boxed elementor-section-height-default elementor-section-height-default\" data-id=\"5e32c06\" data-element_type=\"section\" data-e-type=\"section\">\n\t\t\t\t\t\t<div class=\"elementor-container elementor-column-gap-default\">\n\t\t\t\t\t<div class=\"elementor-column elementor-col-50 elementor-inner-column elementor-element elementor-element-3b8618c\" data-id=\"3b8618c\" data-element_type=\"column\" data-e-type=\"column\">\n\t\t\t<div class=\"elementor-widget-wrap elementor-element-populated\">\n\t\t\t\t\t\t<div class=\"elementor-element elementor-element-ba6fbe5 elementor-drop-cap-yes elementor-drop-cap-view-stacked elementor-widget elementor-widget-text-editor\" data-id=\"ba6fbe5\" data-element_type=\"widget\" data-e-type=\"widget\" data-settings=\"{&quot;drop_cap&quot;:&quot;yes&quot;}\" data-widget_type=\"text-editor.default\">\n\t\t\t\t<div class=\"elementor-widget-container\">\n\t\t\t\t\t\t\t\t\t<p>Gr\u0103dini\u021ba cu Program Normal ,,Voinicel\u2019\u2019 din Reghin func\u021bioneaz\u0103 \u00een incinta Liceului ,,Petru Maior\u2019\u2019 din Reghin din anul 1988. Aceast\u0103 amplasare a gr\u0103dini\u021bei este benefic\u0103 at\u00e2t copiilor care pot interac\u021biona de timpuriu cu mediul \u0219colar, c\u00e2t \u0219i p\u0103rin\u021bilor care pot aduce pre\u0219colarii \u0219i fra\u021bii \u0219colari ai acestora \u00een acela\u0219i loc, f\u0103r\u0103 s\u0103 fie nevoi\u021bi s\u0103 fac\u0103 mai multe drumuri.<\/p>\t\t\t\t\t\t\t\t<\/div>\n\t\t\t\t<\/div>\n\t\t\t\t\t<\/div>\n\t\t<\/div>\n\t\t\t\t<div class=\"elementor-column elementor-col-50 elementor-inner-column elementor-element elementor-element-ade547a\" data-id=\"ade547a\" data-element_type=\"column\" data-e-type=\"column\">\n\t\t\t<div class=\"elementor-widget-wrap elementor-element-populated\">\n\t\t\t\t\t\t<div class=\"elementor-element elementor-element-f88d126 elementor-widget elementor-widget-text-editor\" data-id=\"f88d126\" data-element_type=\"widget\" data-e-type=\"widget\" data-widget_type=\"text-editor.default\">\n\t\t\t\t<div class=\"elementor-widget-container\">\n\t\t\t\t\t\t\t\t\t<p>De-a lungul timpului au func\u021bionat mai multe grupe de gr\u0103dinit\u0103, printre care \u0219i o grup\u0103 de sec\u021bia maghiar\u0103. \u00cen momentul de fa\u021b\u0103 avem dou\u0103 grupe de pre\u0219colari la sec\u021bia rom\u00e2n\u0103.<\/p>\t\t\t\t\t\t\t\t<\/div>\n\t\t\t\t<\/div>\n\t\t\t\t\t<\/div>\n\t\t<\/div>\n\t\t\t\t\t<\/div>\n\t\t<\/section>\n\t\t\t\t\t<\/div>\n\t\t<\/div>\n\t\t\t\t\t<\/div>\n\t\t<\/section>\n\t\t\t\t<section class=\"elementor-section elementor-top-section elementor-element elementor-element-02902f6 elementor-section-stretched elementor-section-boxed elementor-section-height-default elementor-section-height-default\" data-id=\"02902f6\" data-element_type=\"section\" data-e-type=\"section\" data-settings=\"{&quot;stretch_section&quot;:&quot;section-stretched&quot;,&quot;background_background&quot;:&quot;classic&quot;}\">\n\t\t\t\t\t\t<div class=\"elementor-container elementor-column-gap-wider\">\n\t\t\t\t\t<div class=\"elementor-column elementor-col-100 elementor-top-column elementor-element elementor-element-df1370b\" data-id=\"df1370b\" data-element_type=\"column\" data-e-type=\"column\">\n\t\t\t<div class=\"elementor-widget-wrap elementor-element-populated\">\n\t\t\t\t\t\t<section class=\"elementor-section elementor-inner-section elementor-element elementor-element-66b6de8 elementor-section-boxed elementor-section-height-default elementor-section-height-default\" data-id=\"66b6de8\" data-element_type=\"section\" data-e-type=\"section\">\n\t\t\t\t\t\t<div class=\"elementor-container elementor-column-gap-default\">\n\t\t\t\t\t<div class=\"elementor-column elementor-col-50 elementor-inner-column elementor-element elementor-element-4c3249a\" data-id=\"4c3249a\" data-element_type=\"column\" data-e-type=\"column\">\n\t\t\t<div class=\"elementor-widget-wrap elementor-element-populated\">\n\t\t\t\t\t\t<div class=\"elementor-element elementor-element-a0c7cc9 elementor-widget elementor-widget-image\" data-id=\"a0c7cc9\" data-element_type=\"widget\" data-e-type=\"widget\" data-widget_type=\"image.default\">\n\t\t\t\t<div class=\"elementor-widget-container\">\n\t\t\t\t\t\t\t\t\t\t\t\t\t\t\t<img fetchpriority=\"high\" decoding=\"async\" width=\"592\" height=\"444\" src=\"https:\/\/www.inreghin.ro\/gradinita-voinicel\/wp-content\/uploads\/sites\/11\/2020\/11\/kindergarten4-slider-pic8-1.png\" class=\"attachment-full size-full wp-image-116\" alt=\"\" srcset=\"https:\/\/www.inreghin.ro\/gradinita-voinicel\/wp-content\/uploads\/sites\/11\/2020\/11\/kindergarten4-slider-pic8-1.png 592w, https:\/\/www.inreghin.ro\/gradinita-voinicel\/wp-content\/uploads\/sites\/11\/2020\/11\/kindergarten4-slider-pic8-1-300x225.png 300w, https:\/\/www.inreghin.ro\/gradinita-voinicel\/wp-content\/uploads\/sites\/11\/2020\/11\/kindergarten4-slider-pic8-1-195x146.png 195w, https:\/\/www.inreghin.ro\/gradinita-voinicel\/wp-content\/uploads\/sites\/11\/2020\/11\/kindergarten4-slider-pic8-1-50x38.png 50w, https:\/\/www.inreghin.ro\/gradinita-voinicel\/wp-content\/uploads\/sites\/11\/2020\/11\/kindergarten4-slider-pic8-1-100x75.png 100w\" sizes=\"(max-width:767px) 480px, 592px\" \/>\t\t\t\t\t\t\t\t\t\t\t\t\t\t\t<\/div>\n\t\t\t\t<\/div>\n\t\t\t\t\t<\/div>\n\t\t<\/div>\n\t\t\t\t<div class=\"elementor-column elementor-col-50 elementor-inner-column elementor-element elementor-element-2b3ad90\" data-id=\"2b3ad90\" data-element_type=\"column\" data-e-type=\"column\">\n\t\t\t<div class=\"elementor-widget-wrap elementor-element-populated\">\n\t\t\t\t\t\t<div class=\"elementor-element elementor-element-2e7df6e elementor-widget elementor-widget-text-editor\" data-id=\"2e7df6e\" data-element_type=\"widget\" data-e-type=\"widget\" data-widget_type=\"text-editor.default\">\n\t\t\t\t<div class=\"elementor-widget-container\">\n\t\t\t\t\t\t\t\t\t<h2>Cine suntem noi?<\/h2>\t\t\t\t\t\t\t\t<\/div>\n\t\t\t\t<\/div>\n\t\t\t\t<div class=\"elementor-element elementor-element-f1973f9 elementor-widget elementor-widget-spacer\" data-id=\"f1973f9\" data-element_type=\"widget\" data-e-type=\"widget\" data-widget_type=\"spacer.default\">\n\t\t\t\t<div class=\"elementor-widget-container\">\n\t\t\t\t\t\t\t<div class=\"elementor-spacer\">\n\t\t\t<div class=\"elementor-spacer-inner\"><\/div>\n\t\t<\/div>\n\t\t\t\t\t\t<\/div>\n\t\t\t\t<\/div>\n\t\t\t\t<div class=\"elementor-element elementor-element-c943416 elementor-widget elementor-widget-text-editor\" data-id=\"c943416\" data-element_type=\"widget\" data-e-type=\"widget\" data-widget_type=\"text-editor.default\">\n\t\t\t\t<div class=\"elementor-widget-container\">\n\t\t\t\t\t\t\t\t\t<p>Gr\u0103dini\u021ba cu Program Normal ,,Voinicel\u2019\u2019 din Reghin, func\u021bioneaz\u0103 \u00een incinta Liceului Tehnologic ,,Petru Maior\u2019\u2019 din Reghin, corpul C. Amplasarea avantajeaz\u0103 p\u0103rin\u021bii deoarece \u00een aceea\u0219i loca\u021bie pot g\u0103si toate nivelurile de \u00eenv\u0103\u021b\u0103m\u00e2nt, iar copiii intr\u0103 de timpuriu \u00een contact cu \u0219coala \u0219i mediul \u0219colar.<\/p>\t\t\t\t\t\t\t\t<\/div>\n\t\t\t\t<\/div>\n\t\t\t\t\t<\/div>\n\t\t<\/div>\n\t\t\t\t\t<\/div>\n\t\t<\/section>\n\t\t\t\t<div class=\"elementor-element elementor-element-8d90579 elementor-widget elementor-widget-spacer\" data-id=\"8d90579\" data-element_type=\"widget\" data-e-type=\"widget\" data-widget_type=\"spacer.default\">\n\t\t\t\t<div class=\"elementor-widget-container\">\n\t\t\t\t\t\t\t<div class=\"elementor-spacer\">\n\t\t\t<div class=\"elementor-spacer-inner\"><\/div>\n\t\t<\/div>\n\t\t\t\t\t\t<\/div>\n\t\t\t\t<\/div>\n\t\t\t\t<section class=\"elementor-section elementor-inner-section elementor-element elementor-element-ba18615 elementor-section-boxed elementor-section-height-default elementor-section-height-default\" data-id=\"ba18615\" data-element_type=\"section\" data-e-type=\"section\">\n\t\t\t\t\t\t<div class=\"elementor-container elementor-column-gap-default\">\n\t\t\t\t\t<div class=\"elementor-column elementor-col-50 elementor-inner-column elementor-element elementor-element-c2ee612\" data-id=\"c2ee612\" data-element_type=\"column\" data-e-type=\"column\">\n\t\t\t<div class=\"elementor-widget-wrap elementor-element-populated\">\n\t\t\t\t\t\t<div class=\"elementor-element elementor-element-ca667d5 elementor-widget elementor-widget-text-editor\" data-id=\"ca667d5\" data-element_type=\"widget\" data-e-type=\"widget\" data-widget_type=\"text-editor.default\">\n\t\t\t\t<div class=\"elementor-widget-container\">\n\t\t\t\t\t\t\t\t\t<h2>Unitatea noastr\u0103<\/h2>\t\t\t\t\t\t\t\t<\/div>\n\t\t\t\t<\/div>\n\t\t\t\t<div class=\"elementor-element elementor-element-30a6f77 elementor-widget elementor-widget-spacer\" data-id=\"30a6f77\" data-element_type=\"widget\" data-e-type=\"widget\" data-widget_type=\"spacer.default\">\n\t\t\t\t<div class=\"elementor-widget-container\">\n\t\t\t\t\t\t\t<div class=\"elementor-spacer\">\n\t\t\t<div class=\"elementor-spacer-inner\"><\/div>\n\t\t<\/div>\n\t\t\t\t\t\t<\/div>\n\t\t\t\t<\/div>\n\t\t\t\t<div class=\"elementor-element elementor-element-960f6ff elementor-widget elementor-widget-text-editor\" data-id=\"960f6ff\" data-element_type=\"widget\" data-e-type=\"widget\" data-widget_type=\"text-editor.default\">\n\t\t\t\t<div class=\"elementor-widget-container\">\n\t\t\t\t\t\t\t\t\t<p>Unitatea noastr\u0103 dispune de 2 s\u0103li de grup\u0103, grup sanitar propriu \u0219i un spa\u021biu de joac\u0103 \u00een aer liber. Cadrele didactice sunt la curent cu nout\u0103\u021bile din domeniul educa\u021biei \u0219i ini\u021biaz\u0103 diverse activit\u0103\u021bi \u00een colaborare cu \u0219coala, biblioteca \u0219colar\u0103 \u0219i cabinetul medical \u0219colar.<\/p>\t\t\t\t\t\t\t\t<\/div>\n\t\t\t\t<\/div>\n\t\t\t\t\t<\/div>\n\t\t<\/div>\n\t\t\t\t<div class=\"elementor-column elementor-col-50 elementor-inner-column elementor-element elementor-element-afcaa45\" data-id=\"afcaa45\" data-element_type=\"column\" data-e-type=\"column\">\n\t\t\t<div class=\"elementor-widget-wrap elementor-element-populated\">\n\t\t\t\t\t\t<div class=\"elementor-element elementor-element-6384231 elementor-widget elementor-widget-image\" data-id=\"6384231\" data-element_type=\"widget\" data-e-type=\"widget\" data-widget_type=\"image.default\">\n\t\t\t\t<div class=\"elementor-widget-container\">\n\t\t\t\t\t\t\t\t\t\t\t\t\t\t\t<img decoding=\"async\" width=\"204\" height=\"204\" src=\"https:\/\/www.inreghin.ro\/gradinita-voinicel\/wp-content\/uploads\/sites\/11\/2020\/11\/kindergarten4-who-icon2-1.png\" class=\"attachment-full size-full wp-image-119\" alt=\"\" srcset=\"https:\/\/www.inreghin.ro\/gradinita-voinicel\/wp-content\/uploads\/sites\/11\/2020\/11\/kindergarten4-who-icon2-1.png 204w, https:\/\/www.inreghin.ro\/gradinita-voinicel\/wp-content\/uploads\/sites\/11\/2020\/11\/kindergarten4-who-icon2-1-150x150.png 150w, https:\/\/www.inreghin.ro\/gradinita-voinicel\/wp-content\/uploads\/sites\/11\/2020\/11\/kindergarten4-who-icon2-1-146x146.png 146w, https:\/\/www.inreghin.ro\/gradinita-voinicel\/wp-content\/uploads\/sites\/11\/2020\/11\/kindergarten4-who-icon2-1-50x50.png 50w, https:\/\/www.inreghin.ro\/gradinita-voinicel\/wp-content\/uploads\/sites\/11\/2020\/11\/kindergarten4-who-icon2-1-75x75.png 75w, https:\/\/www.inreghin.ro\/gradinita-voinicel\/wp-content\/uploads\/sites\/11\/2020\/11\/kindergarten4-who-icon2-1-85x85.png 85w, https:\/\/www.inreghin.ro\/gradinita-voinicel\/wp-content\/uploads\/sites\/11\/2020\/11\/kindergarten4-who-icon2-1-80x80.png 80w\" sizes=\"(max-width:767px) 204px, 204px\" \/>\t\t\t\t\t\t\t\t\t\t\t\t\t\t\t<\/div>\n\t\t\t\t<\/div>\n\t\t\t\t\t<\/div>\n\t\t<\/div>\n\t\t\t\t\t<\/div>\n\t\t<\/section>\n\t\t\t\t\t<\/div>\n\t\t<\/div>\n\t\t\t\t\t<\/div>\n\t\t<\/section>\n\t\t\t\t<section class=\"elementor-section elementor-top-section elementor-element elementor-element-7351a1d elementor-section-full_width elementor-section-stretched elementor-section-height-default elementor-section-height-default\" data-id=\"7351a1d\" data-element_type=\"section\" data-e-type=\"section\" data-settings=\"{&quot;stretch_section&quot;:&quot;section-stretched&quot;,&quot;background_background&quot;:&quot;classic&quot;}\">\n\t\t\t\t\t\t<div class=\"elementor-container elementor-column-gap-wider\">\n\t\t\t\t\t<div class=\"elementor-column elementor-col-100 elementor-top-column elementor-element elementor-element-fccc7ff\" data-id=\"fccc7ff\" data-element_type=\"column\" data-e-type=\"column\">\n\t\t\t<div class=\"elementor-widget-wrap elementor-element-populated\">\n\t\t\t\t\t\t<section class=\"elementor-section elementor-inner-section elementor-element elementor-element-992fa75 elementor-section-boxed elementor-section-height-default elementor-section-height-default\" data-id=\"992fa75\" data-element_type=\"section\" data-e-type=\"section\">\n\t\t\t\t\t\t<div class=\"elementor-container elementor-column-gap-default\">\n\t\t\t\t\t<div class=\"elementor-column elementor-col-33 elementor-inner-column elementor-element elementor-element-931f5c5\" data-id=\"931f5c5\" data-element_type=\"column\" data-e-type=\"column\">\n\t\t\t<div class=\"elementor-widget-wrap elementor-element-populated\">\n\t\t\t\t\t\t<div class=\"elementor-element elementor-element-a3eb037 elementor-widget elementor-widget-image\" data-id=\"a3eb037\" data-element_type=\"widget\" data-e-type=\"widget\" data-widget_type=\"image.default\">\n\t\t\t\t<div class=\"elementor-widget-container\">\n\t\t\t\t\t\t\t\t\t\t\t\t\t\t\t<img loading=\"lazy\" decoding=\"async\" width=\"1024\" height=\"681\" src=\"https:\/\/www.inreghin.ro\/gradinita-voinicel\/wp-content\/uploads\/sites\/11\/2021\/06\/ZTN_2164-1024x681.jpg\" class=\"attachment-large size-large wp-image-679\" alt=\"\" srcset=\"https:\/\/www.inreghin.ro\/gradinita-voinicel\/wp-content\/uploads\/sites\/11\/2021\/06\/ZTN_2164-1024x681.jpg 1024w, https:\/\/www.inreghin.ro\/gradinita-voinicel\/wp-content\/uploads\/sites\/11\/2021\/06\/ZTN_2164-300x200.jpg 300w, https:\/\/www.inreghin.ro\/gradinita-voinicel\/wp-content\/uploads\/sites\/11\/2021\/06\/ZTN_2164-768x511.jpg 768w, https:\/\/www.inreghin.ro\/gradinita-voinicel\/wp-content\/uploads\/sites\/11\/2021\/06\/ZTN_2164-1536x1022.jpg 1536w, https:\/\/www.inreghin.ro\/gradinita-voinicel\/wp-content\/uploads\/sites\/11\/2021\/06\/ZTN_2164-2048x1363.jpg 2048w, https:\/\/www.inreghin.ro\/gradinita-voinicel\/wp-content\/uploads\/sites\/11\/2021\/06\/ZTN_2164-219x146.jpg 219w, https:\/\/www.inreghin.ro\/gradinita-voinicel\/wp-content\/uploads\/sites\/11\/2021\/06\/ZTN_2164-50x33.jpg 50w, https:\/\/www.inreghin.ro\/gradinita-voinicel\/wp-content\/uploads\/sites\/11\/2021\/06\/ZTN_2164-113x75.jpg 113w\" sizes=\"(max-width:767px) 480px, (max-width:1024px) 100vw, 1024px\" \/>\t\t\t\t\t\t\t\t\t\t\t\t\t\t\t<\/div>\n\t\t\t\t<\/div>\n\t\t\t\t\t<\/div>\n\t\t<\/div>\n\t\t\t\t<div class=\"elementor-column elementor-col-33 elementor-inner-column elementor-element elementor-element-72dc1a8\" data-id=\"72dc1a8\" data-element_type=\"column\" data-e-type=\"column\">\n\t\t\t<div class=\"elementor-widget-wrap elementor-element-populated\">\n\t\t\t\t\t\t<div class=\"elementor-element elementor-element-136c2f6 elementor-widget elementor-widget-text-editor\" data-id=\"136c2f6\" data-element_type=\"widget\" data-e-type=\"widget\" data-widget_type=\"text-editor.default\">\n\t\t\t\t<div class=\"elementor-widget-container\">\n\t\t\t\t\t\t\t\t\t<h3 class=\"kindergarten4-heading\">Vezi fotografiile noastre<br \/>\u0219i afl\u0103 cum arat\u0103 \u00eenv\u0103\u021batul \u00een gr\u0103dini\u021ba noastr\u0103<\/h3>\t\t\t\t\t\t\t\t<\/div>\n\t\t\t\t<\/div>\n\t\t\t\t<div class=\"elementor-element elementor-element-59e3c37 elementor-widget elementor-widget-spacer\" data-id=\"59e3c37\" data-element_type=\"widget\" data-e-type=\"widget\" data-widget_type=\"spacer.default\">\n\t\t\t\t<div class=\"elementor-widget-container\">\n\t\t\t\t\t\t\t<div class=\"elementor-spacer\">\n\t\t\t<div class=\"elementor-spacer-inner\"><\/div>\n\t\t<\/div>\n\t\t\t\t\t\t<\/div>\n\t\t\t\t<\/div>\n\t\t\t\t<div class=\"elementor-element elementor-element-9ed05df elementor-align-center elementor-widget elementor-widget-button\" data-id=\"9ed05df\" data-element_type=\"widget\" data-e-type=\"widget\" data-widget_type=\"button.default\">\n\t\t\t\t<div class=\"elementor-widget-container\">\n\t\t\t\t\t\t\t\t\t<div class=\"elementor-button-wrapper\">\n\t\t\t\t\t<a class=\"elementor-button elementor-button-link elementor-size-md\" href=\"https:\/\/www.inreghin.ro\/gradinita-voinicel\/galerie\/\">\n\t\t\t\t\t\t<span class=\"elementor-button-content-wrapper\">\n\t\t\t\t\t\t\t\t\t<span class=\"elementor-button-text\">Vezi galeria foto<\/span>\n\t\t\t\t\t<\/span>\n\t\t\t\t\t<\/a>\n\t\t\t\t<\/div>\n\t\t\t\t\t\t\t\t<\/div>\n\t\t\t\t<\/div>\n\t\t\t\t\t<\/div>\n\t\t<\/div>\n\t\t\t\t<div class=\"elementor-column elementor-col-33 elementor-inner-column elementor-element elementor-element-0700752\" data-id=\"0700752\" data-element_type=\"column\" data-e-type=\"column\">\n\t\t\t<div class=\"elementor-widget-wrap\">\n\t\t\t\t\t\t\t<\/div>\n\t\t<\/div>\n\t\t\t\t\t<\/div>\n\t\t<\/section>\n\t\t\t\t\t<\/div>\n\t\t<\/div>\n\t\t\t\t\t<\/div>\n\t\t<\/section>\n\t\t\t\t<\/div>\n\t\t","protected":false},"excerpt":{"rendered":"<p>Gr\u0103dini\u021ba noastr\u0103 Gr\u0103dini\u021ba cu Program Normal ,,Voinicel\u2019\u2019 din Reghin func\u021bioneaz\u0103 \u00een incinta Liceului ,,Petru Maior\u2019\u2019 din Reghin din anul 1988. Aceast\u0103 amplasare a gr\u0103dini\u021bei este benefic\u0103<span class=\"excerpt-hellip\"> [\u2026]<\/span><\/p>\n","protected":false},"author":1,"featured_media":0,"parent":0,"menu_order":0,"comment_status":"closed","ping_status":"closed","template":"","meta":{"inline_featured_image":false,"footnotes":""},"class_list":["post-64","page","type-page","status-publish","hentry"],"yoast_head":"<!-- This site is optimized with the Yoast SEO plugin v27.5 - https:\/\/yoast.com\/product\/yoast-seo-wordpress\/ -->\n<title>Cine suntem - Gr\u0103dini\u021ba cu program normal Voinicel - Reghin<\/title>\n<meta name=\"robots\" content=\"index, follow, max-snippet:-1, max-image-preview:large, max-video-preview:-1\" \/>\n<link rel=\"canonical\" href=\"https:\/\/www.inreghin.ro\/gradinita-voinicel\/cine-suntem\/\" \/>\n<meta property=\"og:locale\" content=\"en_US\" \/>\n<meta property=\"og:type\" content=\"article\" \/>\n<meta property=\"og:title\" content=\"Cine suntem - Gr\u0103dini\u021ba cu program normal Voinicel - Reghin\" \/>\n<meta property=\"og:description\" content=\"Gr\u0103dini\u021ba noastr\u0103 Gr\u0103dini\u021ba cu Program Normal ,,Voinicel\u2019\u2019 din Reghin func\u021bioneaz\u0103 \u00een incinta Liceului ,,Petru Maior\u2019\u2019 din Reghin din anul 1988. Aceast\u0103 amplasare a gr\u0103dini\u021bei este benefic\u0103 [\u2026]\" \/>\n<meta property=\"og:url\" content=\"https:\/\/www.inreghin.ro\/gradinita-voinicel\/cine-suntem\/\" \/>\n<meta property=\"og:site_name\" content=\"Gr\u0103dini\u021ba cu program normal Voinicel - Reghin\" \/>\n<meta property=\"article:modified_time\" content=\"2021-06-25T12:31:17+00:00\" \/>\n<meta property=\"og:image\" content=\"https:\/\/www.inreghin.ro\/gradinita-voinicel\/wp-content\/uploads\/sites\/11\/2020\/11\/kindergarten4-who-icon3-1.png\" \/>\n<meta name=\"twitter:card\" content=\"summary_large_image\" \/>\n<meta name=\"twitter:label1\" content=\"Est. reading time\" \/>\n\t<meta name=\"twitter:data1\" content=\"2 minutes\" \/>\n<script type=\"application\/ld+json\" class=\"yoast-schema-graph\">{\"@context\":\"https:\\\/\\\/schema.org\",\"@graph\":[{\"@type\":\"WebPage\",\"@id\":\"https:\\\/\\\/www.inreghin.ro\\\/gradinita-voinicel\\\/cine-suntem\\\/\",\"url\":\"https:\\\/\\\/www.inreghin.ro\\\/gradinita-voinicel\\\/cine-suntem\\\/\",\"name\":\"Cine suntem - Gr\u0103dini\u021ba cu program normal Voinicel - Reghin\",\"isPartOf\":{\"@id\":\"https:\\\/\\\/www.inreghin.ro\\\/gradinita-voinicel\\\/#website\"},\"primaryImageOfPage\":{\"@id\":\"https:\\\/\\\/www.inreghin.ro\\\/gradinita-voinicel\\\/cine-suntem\\\/#primaryimage\"},\"image\":{\"@id\":\"https:\\\/\\\/www.inreghin.ro\\\/gradinita-voinicel\\\/cine-suntem\\\/#primaryimage\"},\"thumbnailUrl\":\"https:\\\/\\\/www.inreghin.ro\\\/gradinita-voinicel\\\/wp-content\\\/uploads\\\/sites\\\/11\\\/2020\\\/11\\\/kindergarten4-who-icon3-1.png\",\"datePublished\":\"2020-11-26T12:22:31+00:00\",\"dateModified\":\"2021-06-25T12:31:17+00:00\",\"breadcrumb\":{\"@id\":\"https:\\\/\\\/www.inreghin.ro\\\/gradinita-voinicel\\\/cine-suntem\\\/#breadcrumb\"},\"inLanguage\":\"en-US\",\"potentialAction\":[{\"@type\":\"ReadAction\",\"target\":[\"https:\\\/\\\/www.inreghin.ro\\\/gradinita-voinicel\\\/cine-suntem\\\/\"]}]},{\"@type\":\"ImageObject\",\"inLanguage\":\"en-US\",\"@id\":\"https:\\\/\\\/www.inreghin.ro\\\/gradinita-voinicel\\\/cine-suntem\\\/#primaryimage\",\"url\":\"https:\\\/\\\/www.inreghin.ro\\\/gradinita-voinicel\\\/wp-content\\\/uploads\\\/sites\\\/11\\\/2020\\\/11\\\/kindergarten4-who-icon3-1.png\",\"contentUrl\":\"https:\\\/\\\/www.inreghin.ro\\\/gradinita-voinicel\\\/wp-content\\\/uploads\\\/sites\\\/11\\\/2020\\\/11\\\/kindergarten4-who-icon3-1.png\",\"width\":204,\"height\":204},{\"@type\":\"BreadcrumbList\",\"@id\":\"https:\\\/\\\/www.inreghin.ro\\\/gradinita-voinicel\\\/cine-suntem\\\/#breadcrumb\",\"itemListElement\":[{\"@type\":\"ListItem\",\"position\":1,\"name\":\"Home\",\"item\":\"https:\\\/\\\/www.inreghin.ro\\\/gradinita-voinicel\\\/\"},{\"@type\":\"ListItem\",\"position\":2,\"name\":\"Cine suntem\"}]},{\"@type\":\"WebSite\",\"@id\":\"https:\\\/\\\/www.inreghin.ro\\\/gradinita-voinicel\\\/#website\",\"url\":\"https:\\\/\\\/www.inreghin.ro\\\/gradinita-voinicel\\\/\",\"name\":\"Gr\u0103dini\u021ba cu program normal Voinicel - Reghin\",\"description\":\"\",\"potentialAction\":[{\"@type\":\"SearchAction\",\"target\":{\"@type\":\"EntryPoint\",\"urlTemplate\":\"https:\\\/\\\/www.inreghin.ro\\\/gradinita-voinicel\\\/?s={search_term_string}\"},\"query-input\":{\"@type\":\"PropertyValueSpecification\",\"valueRequired\":true,\"valueName\":\"search_term_string\"}}],\"inLanguage\":\"en-US\"}]}<\/script>\n<!-- \/ Yoast SEO plugin. -->","yoast_head_json":{"title":"Cine suntem - Gr\u0103dini\u021ba cu program normal Voinicel - Reghin","robots":{"index":"index","follow":"follow","max-snippet":"max-snippet:-1","max-image-preview":"max-image-preview:large","max-video-preview":"max-video-preview:-1"},"canonical":"https:\/\/www.inreghin.ro\/gradinita-voinicel\/cine-suntem\/","og_locale":"en_US","og_type":"article","og_title":"Cine suntem - Gr\u0103dini\u021ba cu program normal Voinicel - Reghin","og_description":"Gr\u0103dini\u021ba noastr\u0103 Gr\u0103dini\u021ba cu Program Normal ,,Voinicel\u2019\u2019 din Reghin func\u021bioneaz\u0103 \u00een incinta Liceului ,,Petru Maior\u2019\u2019 din Reghin din anul 1988. Aceast\u0103 amplasare a gr\u0103dini\u021bei este benefic\u0103 [\u2026]","og_url":"https:\/\/www.inreghin.ro\/gradinita-voinicel\/cine-suntem\/","og_site_name":"Gr\u0103dini\u021ba cu program normal Voinicel - Reghin","article_modified_time":"2021-06-25T12:31:17+00:00","og_image":[{"url":"https:\/\/www.inreghin.ro\/gradinita-voinicel\/wp-content\/uploads\/sites\/11\/2020\/11\/kindergarten4-who-icon3-1.png","type":"","width":"","height":""}],"twitter_card":"summary_large_image","twitter_misc":{"Est. reading time":"2 minutes"},"schema":{"@context":"https:\/\/schema.org","@graph":[{"@type":"WebPage","@id":"https:\/\/www.inreghin.ro\/gradinita-voinicel\/cine-suntem\/","url":"https:\/\/www.inreghin.ro\/gradinita-voinicel\/cine-suntem\/","name":"Cine suntem - Gr\u0103dini\u021ba cu program normal Voinicel - Reghin","isPartOf":{"@id":"https:\/\/www.inreghin.ro\/gradinita-voinicel\/#website"},"primaryImageOfPage":{"@id":"https:\/\/www.inreghin.ro\/gradinita-voinicel\/cine-suntem\/#primaryimage"},"image":{"@id":"https:\/\/www.inreghin.ro\/gradinita-voinicel\/cine-suntem\/#primaryimage"},"thumbnailUrl":"https:\/\/www.inreghin.ro\/gradinita-voinicel\/wp-content\/uploads\/sites\/11\/2020\/11\/kindergarten4-who-icon3-1.png","datePublished":"2020-11-26T12:22:31+00:00","dateModified":"2021-06-25T12:31:17+00:00","breadcrumb":{"@id":"https:\/\/www.inreghin.ro\/gradinita-voinicel\/cine-suntem\/#breadcrumb"},"inLanguage":"en-US","potentialAction":[{"@type":"ReadAction","target":["https:\/\/www.inreghin.ro\/gradinita-voinicel\/cine-suntem\/"]}]},{"@type":"ImageObject","inLanguage":"en-US","@id":"https:\/\/www.inreghin.ro\/gradinita-voinicel\/cine-suntem\/#primaryimage","url":"https:\/\/www.inreghin.ro\/gradinita-voinicel\/wp-content\/uploads\/sites\/11\/2020\/11\/kindergarten4-who-icon3-1.png","contentUrl":"https:\/\/www.inreghin.ro\/gradinita-voinicel\/wp-content\/uploads\/sites\/11\/2020\/11\/kindergarten4-who-icon3-1.png","width":204,"height":204},{"@type":"BreadcrumbList","@id":"https:\/\/www.inreghin.ro\/gradinita-voinicel\/cine-suntem\/#breadcrumb","itemListElement":[{"@type":"ListItem","position":1,"name":"Home","item":"https:\/\/www.inreghin.ro\/gradinita-voinicel\/"},{"@type":"ListItem","position":2,"name":"Cine suntem"}]},{"@type":"WebSite","@id":"https:\/\/www.inreghin.ro\/gradinita-voinicel\/#website","url":"https:\/\/www.inreghin.ro\/gradinita-voinicel\/","name":"Gr\u0103dini\u021ba cu program normal Voinicel - Reghin","description":"","potentialAction":[{"@type":"SearchAction","target":{"@type":"EntryPoint","urlTemplate":"https:\/\/www.inreghin.ro\/gradinita-voinicel\/?s={search_term_string}"},"query-input":{"@type":"PropertyValueSpecification","valueRequired":true,"valueName":"search_term_string"}}],"inLanguage":"en-US"}]}},"_links":{"self":[{"href":"https:\/\/www.inreghin.ro\/gradinita-voinicel\/wp-json\/wp\/v2\/pages\/64","targetHints":{"allow":["GET"]}}],"collection":[{"href":"https:\/\/www.inreghin.ro\/gradinita-voinicel\/wp-json\/wp\/v2\/pages"}],"about":[{"href":"https:\/\/www.inreghin.ro\/gradinita-voinicel\/wp-json\/wp\/v2\/types\/page"}],"author":[{"embeddable":true,"href":"https:\/\/www.inreghin.ro\/gradinita-voinicel\/wp-json\/wp\/v2\/users\/1"}],"replies":[{"embeddable":true,"href":"https:\/\/www.inreghin.ro\/gradinita-voinicel\/wp-json\/wp\/v2\/comments?post=64"}],"version-history":[{"count":10,"href":"https:\/\/www.inreghin.ro\/gradinita-voinicel\/wp-json\/wp\/v2\/pages\/64\/revisions"}],"predecessor-version":[{"id":742,"href":"https:\/\/www.inreghin.ro\/gradinita-voinicel\/wp-json\/wp\/v2\/pages\/64\/revisions\/742"}],"wp:attachment":[{"href":"https:\/\/www.inreghin.ro\/gradinita-voinicel\/wp-json\/wp\/v2\/media?parent=64"}],"curies":[{"name":"wp","href":"https:\/\/api.w.org\/{rel}","templated":true}]}}