{"id":64,"date":"2020-11-26T12:22:31","date_gmt":"2020-11-26T12:22:31","guid":{"rendered":"https:\/\/themes.muffingroup.com\/be\/kindergarten4_el\/?page_id=64"},"modified":"2021-06-16T11:39:22","modified_gmt":"2021-06-16T11:39:22","slug":"cine-suntem","status":"publish","type":"page","link":"https:\/\/www.inreghin.ro\/gradinita-pp3\/cine-suntem\/","title":{"rendered":"Cine suntem"},"content":{"rendered":"\t\t<div data-elementor-type=\"wp-page\" data-elementor-id=\"64\" class=\"elementor elementor-64\">\n\t\t\t\t\t\t<section class=\"elementor-section elementor-top-section elementor-element elementor-element-e02c1f4 elementor-section-full_width elementor-section-stretched elementor-section-height-default elementor-section-height-default\" data-id=\"e02c1f4\" data-element_type=\"section\" data-e-type=\"section\" data-settings=\"{&quot;stretch_section&quot;:&quot;section-stretched&quot;}\">\n\t\t\t\t\t\t<div class=\"elementor-container elementor-column-gap-no\">\n\t\t\t\t\t<div class=\"elementor-column elementor-col-100 elementor-top-column elementor-element elementor-element-fffc3c5\" data-id=\"fffc3c5\" data-element_type=\"column\" data-e-type=\"column\">\n\t\t\t<div class=\"elementor-widget-wrap elementor-element-populated\">\n\t\t\t\t\t\t<div class=\"elementor-element elementor-element-a8a1907 elementor-widget elementor-widget-image\" data-id=\"a8a1907\" data-element_type=\"widget\" data-e-type=\"widget\" data-widget_type=\"image.default\">\n\t\t\t\t<div class=\"elementor-widget-container\">\n\t\t\t\t\t\t\t\t\t\t\t\t\t\t\t<img fetchpriority=\"high\" decoding=\"async\" width=\"2560\" height=\"1704\" src=\"https:\/\/www.inreghin.ro\/gradinita-pp3\/wp-content\/uploads\/sites\/6\/2021\/06\/ZTN_1876-scaled.jpg\" class=\"attachment-full size-full wp-image-697\" alt=\"\" srcset=\"https:\/\/www.inreghin.ro\/gradinita-pp3\/wp-content\/uploads\/sites\/6\/2021\/06\/ZTN_1876-scaled.jpg 2560w, https:\/\/www.inreghin.ro\/gradinita-pp3\/wp-content\/uploads\/sites\/6\/2021\/06\/ZTN_1876-300x200.jpg 300w, https:\/\/www.inreghin.ro\/gradinita-pp3\/wp-content\/uploads\/sites\/6\/2021\/06\/ZTN_1876-1024x681.jpg 1024w, https:\/\/www.inreghin.ro\/gradinita-pp3\/wp-content\/uploads\/sites\/6\/2021\/06\/ZTN_1876-768x511.jpg 768w, https:\/\/www.inreghin.ro\/gradinita-pp3\/wp-content\/uploads\/sites\/6\/2021\/06\/ZTN_1876-1536x1022.jpg 1536w, https:\/\/www.inreghin.ro\/gradinita-pp3\/wp-content\/uploads\/sites\/6\/2021\/06\/ZTN_1876-2048x1363.jpg 2048w, https:\/\/www.inreghin.ro\/gradinita-pp3\/wp-content\/uploads\/sites\/6\/2021\/06\/ZTN_1876-219x146.jpg 219w, https:\/\/www.inreghin.ro\/gradinita-pp3\/wp-content\/uploads\/sites\/6\/2021\/06\/ZTN_1876-50x33.jpg 50w, https:\/\/www.inreghin.ro\/gradinita-pp3\/wp-content\/uploads\/sites\/6\/2021\/06\/ZTN_1876-113x75.jpg 113w\" sizes=\"(max-width:767px) 480px, (max-width:2560px) 100vw, 2560px\" \/>\t\t\t\t\t\t\t\t\t\t\t\t\t\t\t<\/div>\n\t\t\t\t<\/div>\n\t\t\t\t\t<\/div>\n\t\t<\/div>\n\t\t\t\t\t<\/div>\n\t\t<\/section>\n\t\t\t\t<section class=\"elementor-section elementor-top-section elementor-element elementor-element-14ebd1d elementor-section-stretched elementor-section-boxed elementor-section-height-default elementor-section-height-default\" data-id=\"14ebd1d\" data-element_type=\"section\" data-e-type=\"section\" data-settings=\"{&quot;stretch_section&quot;:&quot;section-stretched&quot;}\">\n\t\t\t\t\t\t<div class=\"elementor-container elementor-column-gap-wider\">\n\t\t\t\t\t<div class=\"elementor-column elementor-col-100 elementor-top-column elementor-element elementor-element-acb6100\" data-id=\"acb6100\" data-element_type=\"column\" data-e-type=\"column\">\n\t\t\t<div class=\"elementor-widget-wrap elementor-element-populated\">\n\t\t\t\t\t\t<section class=\"elementor-section elementor-inner-section elementor-element elementor-element-8325af7 elementor-section-boxed elementor-section-height-default elementor-section-height-default\" data-id=\"8325af7\" data-element_type=\"section\" data-e-type=\"section\">\n\t\t\t\t\t\t<div class=\"elementor-container elementor-column-gap-default\">\n\t\t\t\t\t<div class=\"elementor-column elementor-col-100 elementor-inner-column elementor-element elementor-element-8e4f1a9\" data-id=\"8e4f1a9\" data-element_type=\"column\" data-e-type=\"column\">\n\t\t\t<div class=\"elementor-widget-wrap elementor-element-populated\">\n\t\t\t\t\t\t<div class=\"elementor-element elementor-element-a05b884 elementor-widget elementor-widget-text-editor\" data-id=\"a05b884\" data-element_type=\"widget\" data-e-type=\"widget\" data-widget_type=\"text-editor.default\">\n\t\t\t\t<div class=\"elementor-widget-container\">\n\t\t\t\t\t\t\t\t\t<h2>Gr\u0103dini\u021ba noastr\u0103<\/h2>\t\t\t\t\t\t\t\t<\/div>\n\t\t\t\t<\/div>\n\t\t\t\t\t<\/div>\n\t\t<\/div>\n\t\t\t\t\t<\/div>\n\t\t<\/section>\n\t\t\t\t<section class=\"elementor-section elementor-inner-section elementor-element elementor-element-5e32c06 elementor-section-boxed elementor-section-height-default elementor-section-height-default\" data-id=\"5e32c06\" data-element_type=\"section\" data-e-type=\"section\">\n\t\t\t\t\t\t<div class=\"elementor-container elementor-column-gap-default\">\n\t\t\t\t\t<div class=\"elementor-column elementor-col-50 elementor-inner-column elementor-element elementor-element-3b8618c\" data-id=\"3b8618c\" data-element_type=\"column\" data-e-type=\"column\">\n\t\t\t<div class=\"elementor-widget-wrap elementor-element-populated\">\n\t\t\t\t\t\t<div class=\"elementor-element elementor-element-ba6fbe5 elementor-drop-cap-yes elementor-drop-cap-view-stacked elementor-widget elementor-widget-text-editor\" data-id=\"ba6fbe5\" data-element_type=\"widget\" data-e-type=\"widget\" data-settings=\"{&quot;drop_cap&quot;:&quot;yes&quot;}\" data-widget_type=\"text-editor.default\">\n\t\t\t\t<div class=\"elementor-widget-container\">\n\t\t\t\t\t\t\t\t\t<p>Gr\u0103dini\u021ba cu P.P. nr 3, \u0219i-a deschis por\u021bile \u00een luna octombrie anul 1974. Este situat\u0103 pe strada Iernu\u021beni, nr.26, la Reghin, jude\u021bul Mure\u0219. De 47 de ani de la deschidere, gr\u0103dini\u021ba \u0219i-a p\u0103strat func\u021bia ini\u021bial\u0103 de unitate educa\u021bional\u0103. Gr\u0103dini\u021ba a preg\u0103tit de-a lungul timpului genera\u021bii de copii care acum sunt oameni importan\u021bi ai societ\u0103\u021bii. Unitatea func\u021bioneaz\u0103 cu program prelungit, fiind una dintre cele mai solicitate din ora\u0219, p\u0103rin\u021bii fiind extrem de mul\u021bumi\u021bi de activit\u0103\u021bile desf\u0103\u0219urate aici, de d\u0103ruirea \u0219i dragostea cadrelor didactice<\/p>\t\t\t\t\t\t\t\t<\/div>\n\t\t\t\t<\/div>\n\t\t\t\t\t<\/div>\n\t\t<\/div>\n\t\t\t\t<div class=\"elementor-column elementor-col-50 elementor-inner-column elementor-element elementor-element-ade547a\" data-id=\"ade547a\" data-element_type=\"column\" data-e-type=\"column\">\n\t\t\t<div class=\"elementor-widget-wrap elementor-element-populated\">\n\t\t\t\t\t\t<div class=\"elementor-element elementor-element-f88d126 elementor-widget elementor-widget-text-editor\" data-id=\"f88d126\" data-element_type=\"widget\" data-e-type=\"widget\" data-widget_type=\"text-editor.default\">\n\t\t\t\t<div class=\"elementor-widget-container\">\n\t\t\t\t\t\t\t\t\t<p>\u0219i al personalului acesteia, precum \u0219i de calitatea procesului instructiv-educativ, al s\u0103lilor de grup\u0103 spa\u021bioase, spa\u021biul de joac\u0103 generos, cu mult\u0103 vegeta\u021bie, aparate de joac\u0103, unde copiii se pot bucura de activit\u0103\u021bi recreative pl\u0103cute, benefice dezvolt\u0103rii lor armonioase. Activit\u0103\u021bile organizate de cadrele didactice sunt \u00een concordan\u021b\u0103 cu cerin\u021bele noului Curriculum, copiii fiind foarte intersa\u021bi \u0219i implica\u021bi \u00een desf\u0103\u0219urarea activit\u0103\u021bilor instructiv-educative.<\/p>\t\t\t\t\t\t\t\t<\/div>\n\t\t\t\t<\/div>\n\t\t\t\t\t<\/div>\n\t\t<\/div>\n\t\t\t\t\t<\/div>\n\t\t<\/section>\n\t\t\t\t\t<\/div>\n\t\t<\/div>\n\t\t\t\t\t<\/div>\n\t\t<\/section>\n\t\t\t\t<section class=\"elementor-section elementor-top-section elementor-element elementor-element-02902f6 elementor-section-stretched elementor-section-boxed elementor-section-height-default elementor-section-height-default\" data-id=\"02902f6\" data-element_type=\"section\" data-e-type=\"section\" data-settings=\"{&quot;stretch_section&quot;:&quot;section-stretched&quot;,&quot;background_background&quot;:&quot;classic&quot;}\">\n\t\t\t\t\t\t<div class=\"elementor-container elementor-column-gap-wider\">\n\t\t\t\t\t<div class=\"elementor-column elementor-col-100 elementor-top-column elementor-element elementor-element-df1370b\" data-id=\"df1370b\" data-element_type=\"column\" data-e-type=\"column\">\n\t\t\t<div class=\"elementor-widget-wrap elementor-element-populated\">\n\t\t\t\t\t\t<section class=\"elementor-section elementor-inner-section elementor-element elementor-element-66b6de8 elementor-section-boxed elementor-section-height-default elementor-section-height-default\" data-id=\"66b6de8\" data-element_type=\"section\" data-e-type=\"section\">\n\t\t\t\t\t\t<div class=\"elementor-container elementor-column-gap-default\">\n\t\t\t\t\t<div class=\"elementor-column elementor-col-50 elementor-inner-column elementor-element elementor-element-4c3249a\" data-id=\"4c3249a\" data-element_type=\"column\" data-e-type=\"column\">\n\t\t\t<div class=\"elementor-widget-wrap elementor-element-populated\">\n\t\t\t\t\t\t<div class=\"elementor-element elementor-element-a0c7cc9 elementor-widget elementor-widget-image\" data-id=\"a0c7cc9\" data-element_type=\"widget\" data-e-type=\"widget\" data-widget_type=\"image.default\">\n\t\t\t\t<div class=\"elementor-widget-container\">\n\t\t\t\t\t\t\t\t\t\t\t\t\t\t\t<img decoding=\"async\" width=\"592\" height=\"444\" src=\"https:\/\/www.inreghin.ro\/gradinita-pp3\/wp-content\/uploads\/sites\/6\/2020\/11\/kindergarten4-slider-pic8-1.png\" class=\"attachment-full size-full wp-image-116\" alt=\"\" srcset=\"https:\/\/www.inreghin.ro\/gradinita-pp3\/wp-content\/uploads\/sites\/6\/2020\/11\/kindergarten4-slider-pic8-1.png 592w, https:\/\/www.inreghin.ro\/gradinita-pp3\/wp-content\/uploads\/sites\/6\/2020\/11\/kindergarten4-slider-pic8-1-300x225.png 300w, https:\/\/www.inreghin.ro\/gradinita-pp3\/wp-content\/uploads\/sites\/6\/2020\/11\/kindergarten4-slider-pic8-1-195x146.png 195w, https:\/\/www.inreghin.ro\/gradinita-pp3\/wp-content\/uploads\/sites\/6\/2020\/11\/kindergarten4-slider-pic8-1-50x38.png 50w, https:\/\/www.inreghin.ro\/gradinita-pp3\/wp-content\/uploads\/sites\/6\/2020\/11\/kindergarten4-slider-pic8-1-100x75.png 100w\" sizes=\"(max-width:767px) 480px, 592px\" \/>\t\t\t\t\t\t\t\t\t\t\t\t\t\t\t<\/div>\n\t\t\t\t<\/div>\n\t\t\t\t\t<\/div>\n\t\t<\/div>\n\t\t\t\t<div class=\"elementor-column elementor-col-50 elementor-inner-column elementor-element elementor-element-2b3ad90\" data-id=\"2b3ad90\" data-element_type=\"column\" data-e-type=\"column\">\n\t\t\t<div class=\"elementor-widget-wrap elementor-element-populated\">\n\t\t\t\t\t\t<div class=\"elementor-element elementor-element-2e7df6e elementor-widget elementor-widget-text-editor\" data-id=\"2e7df6e\" data-element_type=\"widget\" data-e-type=\"widget\" data-widget_type=\"text-editor.default\">\n\t\t\t\t<div class=\"elementor-widget-container\">\n\t\t\t\t\t\t\t\t\t<h2>Motto<\/h2>\t\t\t\t\t\t\t\t<\/div>\n\t\t\t\t<\/div>\n\t\t\t\t<div class=\"elementor-element elementor-element-f1973f9 elementor-widget elementor-widget-spacer\" data-id=\"f1973f9\" data-element_type=\"widget\" data-e-type=\"widget\" data-widget_type=\"spacer.default\">\n\t\t\t\t<div class=\"elementor-widget-container\">\n\t\t\t\t\t\t\t<div class=\"elementor-spacer\">\n\t\t\t<div class=\"elementor-spacer-inner\"><\/div>\n\t\t<\/div>\n\t\t\t\t\t\t<\/div>\n\t\t\t\t<\/div>\n\t\t\t\t<div class=\"elementor-element elementor-element-c943416 elementor-widget elementor-widget-text-editor\" data-id=\"c943416\" data-element_type=\"widget\" data-e-type=\"widget\" data-widget_type=\"text-editor.default\">\n\t\t\t\t<div class=\"elementor-widget-container\">\n\t\t\t\t\t\t\t\t\t<h6>,,Fiecare copil pe care \u00eel educ\u0103m este un Om d\u0103ruit societ\u0103\u021bii\u2019\u2019 \u2013 Nicolae Iorga<\/h6>\t\t\t\t\t\t\t\t<\/div>\n\t\t\t\t<\/div>\n\t\t\t\t\t<\/div>\n\t\t<\/div>\n\t\t\t\t\t<\/div>\n\t\t<\/section>\n\t\t\t\t<div class=\"elementor-element elementor-element-8d90579 elementor-widget elementor-widget-spacer\" data-id=\"8d90579\" data-element_type=\"widget\" data-e-type=\"widget\" data-widget_type=\"spacer.default\">\n\t\t\t\t<div class=\"elementor-widget-container\">\n\t\t\t\t\t\t\t<div class=\"elementor-spacer\">\n\t\t\t<div class=\"elementor-spacer-inner\"><\/div>\n\t\t<\/div>\n\t\t\t\t\t\t<\/div>\n\t\t\t\t<\/div>\n\t\t\t\t<section class=\"elementor-section elementor-inner-section elementor-element elementor-element-ba18615 elementor-section-boxed elementor-section-height-default elementor-section-height-default\" data-id=\"ba18615\" data-element_type=\"section\" data-e-type=\"section\">\n\t\t\t\t\t\t<div class=\"elementor-container elementor-column-gap-default\">\n\t\t\t\t\t<div class=\"elementor-column elementor-col-50 elementor-inner-column elementor-element elementor-element-c2ee612\" data-id=\"c2ee612\" data-element_type=\"column\" data-e-type=\"column\">\n\t\t\t<div class=\"elementor-widget-wrap elementor-element-populated\">\n\t\t\t\t\t\t<div class=\"elementor-element elementor-element-ca667d5 elementor-widget elementor-widget-text-editor\" data-id=\"ca667d5\" data-element_type=\"widget\" data-e-type=\"widget\" data-widget_type=\"text-editor.default\">\n\t\t\t\t<div class=\"elementor-widget-container\">\n\t\t\t\t\t\t\t\t\t<h2>Misiune<\/h2>\t\t\t\t\t\t\t\t<\/div>\n\t\t\t\t<\/div>\n\t\t\t\t<div class=\"elementor-element elementor-element-30a6f77 elementor-widget elementor-widget-spacer\" data-id=\"30a6f77\" data-element_type=\"widget\" data-e-type=\"widget\" data-widget_type=\"spacer.default\">\n\t\t\t\t<div class=\"elementor-widget-container\">\n\t\t\t\t\t\t\t<div class=\"elementor-spacer\">\n\t\t\t<div class=\"elementor-spacer-inner\"><\/div>\n\t\t<\/div>\n\t\t\t\t\t\t<\/div>\n\t\t\t\t<\/div>\n\t\t\t\t<div class=\"elementor-element elementor-element-960f6ff elementor-widget elementor-widget-text-editor\" data-id=\"960f6ff\" data-element_type=\"widget\" data-e-type=\"widget\" data-widget_type=\"text-editor.default\">\n\t\t\t\t<div class=\"elementor-widget-container\">\n\t\t\t\t\t\t\t\t\t<p>Gr\u0103dini\u021ba noastr\u0103, ca prim\u0103 institu\u021bie de educare \u0219i instruire, \u00een parteneriat \u0219i cooperare cu actorii sociali, va avea u\u0219ile deschise pentru to\u021bi copiii, \u00een scopul introducerii acestora \u00een ambian\u021ba cultural\u0103 a spa\u021biului social c\u0103ruia \u00eei apar\u021bine.<\/p><p>La noi se deschid ferestre spre cunoa\u0219tere, se pun c\u0103r\u0103mizile viitoarelor personalit\u0103\u021bi. Noi pornim de la premiza c\u0103 fiecare copil este o individualitate pe care o trat\u0103m \u00een func\u021bie de nevoile sale afective \u0219i c\u0103 procesul instructiv-educativ trebuie permanent adaptat specificului s\u0103u. Noi punem constant accentul pe definirea spa\u021biului fizic, care tinde s\u0103 devin\u0103 unic prin modernitate, individualitate, personalizare. La noi totul porne\u0219te de la joc, activitatea fundamental\u0103 prin care COPILUL ia lumea \u00een st\u0103p\u00e2nire, \u00eenva\u021b\u0103 lucruri noi, se cunoa\u0219te pe sine \u0219i pe ceilal\u021bi. ,,\u00cen\u021belepciunea copilului e jocul.\u2019\u2019 (Lucian Blaga)<\/p>\t\t\t\t\t\t\t\t<\/div>\n\t\t\t\t<\/div>\n\t\t\t\t\t<\/div>\n\t\t<\/div>\n\t\t\t\t<div class=\"elementor-column elementor-col-50 elementor-inner-column elementor-element elementor-element-afcaa45\" data-id=\"afcaa45\" data-element_type=\"column\" data-e-type=\"column\">\n\t\t\t<div class=\"elementor-widget-wrap elementor-element-populated\">\n\t\t\t\t\t\t<div class=\"elementor-element elementor-element-6384231 elementor-widget elementor-widget-image\" data-id=\"6384231\" data-element_type=\"widget\" data-e-type=\"widget\" data-widget_type=\"image.default\">\n\t\t\t\t<div class=\"elementor-widget-container\">\n\t\t\t\t\t\t\t\t\t\t\t\t\t\t\t<img decoding=\"async\" width=\"204\" height=\"204\" src=\"https:\/\/www.inreghin.ro\/gradinita-pp3\/wp-content\/uploads\/sites\/6\/2020\/11\/kindergarten4-who-icon2-1.png\" class=\"attachment-full size-full wp-image-119\" alt=\"\" srcset=\"https:\/\/www.inreghin.ro\/gradinita-pp3\/wp-content\/uploads\/sites\/6\/2020\/11\/kindergarten4-who-icon2-1.png 204w, https:\/\/www.inreghin.ro\/gradinita-pp3\/wp-content\/uploads\/sites\/6\/2020\/11\/kindergarten4-who-icon2-1-150x150.png 150w, https:\/\/www.inreghin.ro\/gradinita-pp3\/wp-content\/uploads\/sites\/6\/2020\/11\/kindergarten4-who-icon2-1-146x146.png 146w, https:\/\/www.inreghin.ro\/gradinita-pp3\/wp-content\/uploads\/sites\/6\/2020\/11\/kindergarten4-who-icon2-1-50x50.png 50w, https:\/\/www.inreghin.ro\/gradinita-pp3\/wp-content\/uploads\/sites\/6\/2020\/11\/kindergarten4-who-icon2-1-75x75.png 75w, https:\/\/www.inreghin.ro\/gradinita-pp3\/wp-content\/uploads\/sites\/6\/2020\/11\/kindergarten4-who-icon2-1-85x85.png 85w, https:\/\/www.inreghin.ro\/gradinita-pp3\/wp-content\/uploads\/sites\/6\/2020\/11\/kindergarten4-who-icon2-1-80x80.png 80w\" sizes=\"(max-width:767px) 204px, 204px\" \/>\t\t\t\t\t\t\t\t\t\t\t\t\t\t\t<\/div>\n\t\t\t\t<\/div>\n\t\t\t\t\t<\/div>\n\t\t<\/div>\n\t\t\t\t\t<\/div>\n\t\t<\/section>\n\t\t\t\t<div class=\"elementor-element elementor-element-75ece08 elementor-widget elementor-widget-spacer\" data-id=\"75ece08\" data-element_type=\"widget\" data-e-type=\"widget\" data-widget_type=\"spacer.default\">\n\t\t\t\t<div class=\"elementor-widget-container\">\n\t\t\t\t\t\t\t<div class=\"elementor-spacer\">\n\t\t\t<div class=\"elementor-spacer-inner\"><\/div>\n\t\t<\/div>\n\t\t\t\t\t\t<\/div>\n\t\t\t\t<\/div>\n\t\t\t\t<section class=\"elementor-section elementor-inner-section elementor-element elementor-element-2dafe55 elementor-section-boxed elementor-section-height-default elementor-section-height-default\" data-id=\"2dafe55\" data-element_type=\"section\" data-e-type=\"section\">\n\t\t\t\t\t\t<div class=\"elementor-container elementor-column-gap-default\">\n\t\t\t\t\t<div class=\"elementor-column elementor-col-50 elementor-inner-column elementor-element elementor-element-e0e9eb4\" data-id=\"e0e9eb4\" data-element_type=\"column\" data-e-type=\"column\">\n\t\t\t<div class=\"elementor-widget-wrap elementor-element-populated\">\n\t\t\t\t\t\t<div class=\"elementor-element elementor-element-611f9dd elementor-widget elementor-widget-image\" data-id=\"611f9dd\" data-element_type=\"widget\" data-e-type=\"widget\" data-widget_type=\"image.default\">\n\t\t\t\t<div class=\"elementor-widget-container\">\n\t\t\t\t\t\t\t\t\t\t\t\t\t\t\t<img loading=\"lazy\" decoding=\"async\" width=\"204\" height=\"204\" src=\"https:\/\/www.inreghin.ro\/gradinita-pp3\/wp-content\/uploads\/sites\/6\/2020\/11\/kindergarten4-who-icon1-1.png\" class=\"attachment-full size-full wp-image-118\" alt=\"\" srcset=\"https:\/\/www.inreghin.ro\/gradinita-pp3\/wp-content\/uploads\/sites\/6\/2020\/11\/kindergarten4-who-icon1-1.png 204w, https:\/\/www.inreghin.ro\/gradinita-pp3\/wp-content\/uploads\/sites\/6\/2020\/11\/kindergarten4-who-icon1-1-150x150.png 150w, https:\/\/www.inreghin.ro\/gradinita-pp3\/wp-content\/uploads\/sites\/6\/2020\/11\/kindergarten4-who-icon1-1-146x146.png 146w, https:\/\/www.inreghin.ro\/gradinita-pp3\/wp-content\/uploads\/sites\/6\/2020\/11\/kindergarten4-who-icon1-1-50x50.png 50w, https:\/\/www.inreghin.ro\/gradinita-pp3\/wp-content\/uploads\/sites\/6\/2020\/11\/kindergarten4-who-icon1-1-75x75.png 75w, https:\/\/www.inreghin.ro\/gradinita-pp3\/wp-content\/uploads\/sites\/6\/2020\/11\/kindergarten4-who-icon1-1-85x85.png 85w, https:\/\/www.inreghin.ro\/gradinita-pp3\/wp-content\/uploads\/sites\/6\/2020\/11\/kindergarten4-who-icon1-1-80x80.png 80w\" sizes=\"(max-width:767px) 204px, 204px\" \/>\t\t\t\t\t\t\t\t\t\t\t\t\t\t\t<\/div>\n\t\t\t\t<\/div>\n\t\t\t\t\t<\/div>\n\t\t<\/div>\n\t\t\t\t<div class=\"elementor-column elementor-col-50 elementor-inner-column elementor-element elementor-element-fe2e1cf\" data-id=\"fe2e1cf\" data-element_type=\"column\" data-e-type=\"column\">\n\t\t\t<div class=\"elementor-widget-wrap elementor-element-populated\">\n\t\t\t\t\t\t<div class=\"elementor-element elementor-element-1f5bf9a elementor-widget elementor-widget-text-editor\" data-id=\"1f5bf9a\" data-element_type=\"widget\" data-e-type=\"widget\" data-widget_type=\"text-editor.default\">\n\t\t\t\t<div class=\"elementor-widget-container\">\n\t\t\t\t\t\t\t\t\t<h2>Viziune: ,,COPII FERICI\u021aI, P\u0102RIN\u021aI MUL\u021aUMI\u021aI! \u2018\u2019<\/h2>\t\t\t\t\t\t\t\t<\/div>\n\t\t\t\t<\/div>\n\t\t\t\t<div class=\"elementor-element elementor-element-74da81d elementor-widget elementor-widget-spacer\" data-id=\"74da81d\" data-element_type=\"widget\" data-e-type=\"widget\" data-widget_type=\"spacer.default\">\n\t\t\t\t<div class=\"elementor-widget-container\">\n\t\t\t\t\t\t\t<div class=\"elementor-spacer\">\n\t\t\t<div class=\"elementor-spacer-inner\"><\/div>\n\t\t<\/div>\n\t\t\t\t\t\t<\/div>\n\t\t\t\t<\/div>\n\t\t\t\t<div class=\"elementor-element elementor-element-9c130c3 elementor-widget elementor-widget-text-editor\" data-id=\"9c130c3\" data-element_type=\"widget\" data-e-type=\"widget\" data-widget_type=\"text-editor.default\">\n\t\t\t\t<div class=\"elementor-widget-container\">\n\t\t\t\t\t\t\t\t\t<p>Pornind de la acest obiectiv major, societatea rom\u00e2neasc\u0103 pune accent pe educa\u021bia timpurie \u0219i pe asigurarea calit\u0103\u021bii \u00een \u00eenv\u0103\u021b\u0103m\u00e2ntul preprimar. La nivel de baz\u0103 suntem cei care transform\u0103m \u00een comportamente m\u0103surabile \u0219i descriptori de performan\u021b\u0103 jaloanele Reformei educa\u021bionale.<br \/>Pre\u0219colarii sunt primii beneficiari ai investiga\u021biilor societ\u0103\u021bii, dar \u0219i viitorii adul\u021bi, cei care trebuie s\u0103 fie capabili s\u0103 continue dezvoltarea societ\u0103\u021bii.<br \/>Ne dorim ca, prin tot ce facem, s\u0103 dob\u00e2ndim statutul de gr\u0103dini\u021be de referin\u021b\u0103 \u00een ora\u0219ul nostru, spre binele \u00eentregului colectiv.<\/p>\t\t\t\t\t\t\t\t<\/div>\n\t\t\t\t<\/div>\n\t\t\t\t\t<\/div>\n\t\t<\/div>\n\t\t\t\t\t<\/div>\n\t\t<\/section>\n\t\t\t\t<div class=\"elementor-element elementor-element-b01dd57 elementor-widget elementor-widget-spacer\" data-id=\"b01dd57\" data-element_type=\"widget\" data-e-type=\"widget\" data-widget_type=\"spacer.default\">\n\t\t\t\t<div class=\"elementor-widget-container\">\n\t\t\t\t\t\t\t<div class=\"elementor-spacer\">\n\t\t\t<div class=\"elementor-spacer-inner\"><\/div>\n\t\t<\/div>\n\t\t\t\t\t\t<\/div>\n\t\t\t\t<\/div>\n\t\t\t\t<section class=\"elementor-section elementor-inner-section elementor-element elementor-element-cabe2f7 elementor-section-boxed elementor-section-height-default elementor-section-height-default\" data-id=\"cabe2f7\" data-element_type=\"section\" data-e-type=\"section\">\n\t\t\t\t\t\t<div class=\"elementor-container elementor-column-gap-default\">\n\t\t\t\t\t<div class=\"elementor-column elementor-col-50 elementor-inner-column elementor-element elementor-element-9c6aecf\" data-id=\"9c6aecf\" data-element_type=\"column\" data-e-type=\"column\">\n\t\t\t<div class=\"elementor-widget-wrap elementor-element-populated\">\n\t\t\t\t\t\t<div class=\"elementor-element elementor-element-8ee69ef elementor-widget elementor-widget-text-editor\" data-id=\"8ee69ef\" data-element_type=\"widget\" data-e-type=\"widget\" data-widget_type=\"text-editor.default\">\n\t\t\t\t<div class=\"elementor-widget-container\">\n\t\t\t\t\t\t\t\t\t<h2>Grupele noastre<\/h2>\t\t\t\t\t\t\t\t<\/div>\n\t\t\t\t<\/div>\n\t\t\t\t<div class=\"elementor-element elementor-element-3a76ace elementor-widget elementor-widget-spacer\" data-id=\"3a76ace\" data-element_type=\"widget\" data-e-type=\"widget\" data-widget_type=\"spacer.default\">\n\t\t\t\t<div class=\"elementor-widget-container\">\n\t\t\t\t\t\t\t<div class=\"elementor-spacer\">\n\t\t\t<div class=\"elementor-spacer-inner\"><\/div>\n\t\t<\/div>\n\t\t\t\t\t\t<\/div>\n\t\t\t\t<\/div>\n\t\t\t\t<div class=\"elementor-element elementor-element-56561a0 elementor-widget elementor-widget-text-editor\" data-id=\"56561a0\" data-element_type=\"widget\" data-e-type=\"widget\" data-widget_type=\"text-editor.default\">\n\t\t\t\t<div class=\"elementor-widget-container\">\n\t\t\t\t\t\t\t\t\t<p>Gr\u0103dini\u021ba noastr\u0103 este frecventat\u0103 de un num\u0103r de 163, pre\u0219colari de nivel I \u0219i nivel II, repartiza\u021bi \u00een 7 grupe, 5 cu predare \u00een limba rom\u00e2n\u0103 \u0219i 2 cu predare \u00een limba maghiar\u0103:<br \/>Sec\u021bia rom\u00e2n\u0103:<br \/>Grupa mic\u0103 (Grupa albinu\u021belor)<br \/>Grupa mijlocie I (Grupa pisicu\u021belor)<br \/>Grupa mijlocie II (Grupa buburuzelor)<br \/>Grupa mare I (Grupa flutura\u0219ilor)<br \/>Grupa mare II (Grupa elef\u0103n\u021beii curio\u0219i)<br \/>Sec\u021bia maghiar\u0103:<br \/>Grupa maghiar\u0103 I (Grupa Csipike) <br \/>Grupa maghiar\u0103 II (Grupa Micimack\u00f3)<\/p>\t\t\t\t\t\t\t\t<\/div>\n\t\t\t\t<\/div>\n\t\t\t\t\t<\/div>\n\t\t<\/div>\n\t\t\t\t<div class=\"elementor-column elementor-col-50 elementor-inner-column elementor-element elementor-element-1ee8b9a\" data-id=\"1ee8b9a\" data-element_type=\"column\" data-e-type=\"column\">\n\t\t\t<div class=\"elementor-widget-wrap elementor-element-populated\">\n\t\t\t\t\t\t<div class=\"elementor-element elementor-element-c29c459 elementor-widget elementor-widget-image\" data-id=\"c29c459\" data-element_type=\"widget\" data-e-type=\"widget\" data-widget_type=\"image.default\">\n\t\t\t\t<div class=\"elementor-widget-container\">\n\t\t\t\t\t\t\t\t\t\t\t\t\t\t\t<img loading=\"lazy\" decoding=\"async\" width=\"1920\" height=\"632\" src=\"https:\/\/www.inreghin.ro\/gradinita-pp3\/wp-content\/uploads\/sites\/6\/2020\/11\/kindergarten4-who-pic1-1.png\" class=\"attachment-full size-full wp-image-122\" alt=\"\" srcset=\"https:\/\/www.inreghin.ro\/gradinita-pp3\/wp-content\/uploads\/sites\/6\/2020\/11\/kindergarten4-who-pic1-1.png 1920w, https:\/\/www.inreghin.ro\/gradinita-pp3\/wp-content\/uploads\/sites\/6\/2020\/11\/kindergarten4-who-pic1-1-300x99.png 300w, https:\/\/www.inreghin.ro\/gradinita-pp3\/wp-content\/uploads\/sites\/6\/2020\/11\/kindergarten4-who-pic1-1-1024x337.png 1024w, https:\/\/www.inreghin.ro\/gradinita-pp3\/wp-content\/uploads\/sites\/6\/2020\/11\/kindergarten4-who-pic1-1-768x253.png 768w, https:\/\/www.inreghin.ro\/gradinita-pp3\/wp-content\/uploads\/sites\/6\/2020\/11\/kindergarten4-who-pic1-1-1536x506.png 1536w, https:\/\/www.inreghin.ro\/gradinita-pp3\/wp-content\/uploads\/sites\/6\/2020\/11\/kindergarten4-who-pic1-1-260x86.png 260w, https:\/\/www.inreghin.ro\/gradinita-pp3\/wp-content\/uploads\/sites\/6\/2020\/11\/kindergarten4-who-pic1-1-50x16.png 50w, https:\/\/www.inreghin.ro\/gradinita-pp3\/wp-content\/uploads\/sites\/6\/2020\/11\/kindergarten4-who-pic1-1-150x49.png 150w\" sizes=\"(max-width:767px) 480px, (max-width:1920px) 100vw, 1920px\" \/>\t\t\t\t\t\t\t\t\t\t\t\t\t\t\t<\/div>\n\t\t\t\t<\/div>\n\t\t\t\t\t<\/div>\n\t\t<\/div>\n\t\t\t\t\t<\/div>\n\t\t<\/section>\n\t\t\t\t\t<\/div>\n\t\t<\/div>\n\t\t\t\t\t<\/div>\n\t\t<\/section>\n\t\t\t\t<section class=\"elementor-section elementor-top-section elementor-element elementor-element-7351a1d elementor-section-full_width elementor-section-stretched elementor-section-height-default elementor-section-height-default\" data-id=\"7351a1d\" data-element_type=\"section\" data-e-type=\"section\" data-settings=\"{&quot;stretch_section&quot;:&quot;section-stretched&quot;,&quot;background_background&quot;:&quot;classic&quot;}\">\n\t\t\t\t\t\t<div class=\"elementor-container elementor-column-gap-wider\">\n\t\t\t\t\t<div class=\"elementor-column elementor-col-100 elementor-top-column elementor-element elementor-element-fccc7ff\" data-id=\"fccc7ff\" data-element_type=\"column\" data-e-type=\"column\">\n\t\t\t<div class=\"elementor-widget-wrap elementor-element-populated\">\n\t\t\t\t\t\t<section class=\"elementor-section elementor-inner-section elementor-element elementor-element-992fa75 elementor-section-boxed elementor-section-height-default elementor-section-height-default\" data-id=\"992fa75\" data-element_type=\"section\" data-e-type=\"section\">\n\t\t\t\t\t\t<div class=\"elementor-container elementor-column-gap-default\">\n\t\t\t\t\t<div class=\"elementor-column elementor-col-33 elementor-inner-column elementor-element elementor-element-931f5c5\" data-id=\"931f5c5\" data-element_type=\"column\" data-e-type=\"column\">\n\t\t\t<div class=\"elementor-widget-wrap elementor-element-populated\">\n\t\t\t\t\t\t<div class=\"elementor-element elementor-element-0b5193b elementor-widget elementor-widget-image\" data-id=\"0b5193b\" data-element_type=\"widget\" data-e-type=\"widget\" data-widget_type=\"image.default\">\n\t\t\t\t<div class=\"elementor-widget-container\">\n\t\t\t\t\t\t\t\t\t\t\t\t\t\t\t<img loading=\"lazy\" decoding=\"async\" width=\"1024\" height=\"681\" src=\"https:\/\/www.inreghin.ro\/gradinita-pp3\/wp-content\/uploads\/sites\/6\/2021\/06\/ZTN_1880-1024x681.jpg\" class=\"attachment-large size-large wp-image-699\" alt=\"\" srcset=\"https:\/\/www.inreghin.ro\/gradinita-pp3\/wp-content\/uploads\/sites\/6\/2021\/06\/ZTN_1880-1024x681.jpg 1024w, https:\/\/www.inreghin.ro\/gradinita-pp3\/wp-content\/uploads\/sites\/6\/2021\/06\/ZTN_1880-300x200.jpg 300w, https:\/\/www.inreghin.ro\/gradinita-pp3\/wp-content\/uploads\/sites\/6\/2021\/06\/ZTN_1880-768x511.jpg 768w, https:\/\/www.inreghin.ro\/gradinita-pp3\/wp-content\/uploads\/sites\/6\/2021\/06\/ZTN_1880-1536x1022.jpg 1536w, https:\/\/www.inreghin.ro\/gradinita-pp3\/wp-content\/uploads\/sites\/6\/2021\/06\/ZTN_1880-2048x1363.jpg 2048w, https:\/\/www.inreghin.ro\/gradinita-pp3\/wp-content\/uploads\/sites\/6\/2021\/06\/ZTN_1880-219x146.jpg 219w, https:\/\/www.inreghin.ro\/gradinita-pp3\/wp-content\/uploads\/sites\/6\/2021\/06\/ZTN_1880-50x33.jpg 50w, https:\/\/www.inreghin.ro\/gradinita-pp3\/wp-content\/uploads\/sites\/6\/2021\/06\/ZTN_1880-113x75.jpg 113w\" sizes=\"(max-width:767px) 480px, (max-width:1024px) 100vw, 1024px\" \/>\t\t\t\t\t\t\t\t\t\t\t\t\t\t\t<\/div>\n\t\t\t\t<\/div>\n\t\t\t\t\t<\/div>\n\t\t<\/div>\n\t\t\t\t<div class=\"elementor-column elementor-col-33 elementor-inner-column elementor-element elementor-element-72dc1a8\" data-id=\"72dc1a8\" data-element_type=\"column\" data-e-type=\"column\">\n\t\t\t<div class=\"elementor-widget-wrap elementor-element-populated\">\n\t\t\t\t\t\t<div class=\"elementor-element elementor-element-136c2f6 elementor-widget elementor-widget-text-editor\" data-id=\"136c2f6\" data-element_type=\"widget\" data-e-type=\"widget\" data-widget_type=\"text-editor.default\">\n\t\t\t\t<div class=\"elementor-widget-container\">\n\t\t\t\t\t\t\t\t\t<h3 class=\"kindergarten4-heading\">Vezi fotografiile noastre<br \/>\u0219i afl\u0103 cum arat\u0103 \u00eenv\u0103\u021barea \u00een gr\u0103dini\u021ba noastr\u0103<\/h3>\t\t\t\t\t\t\t\t<\/div>\n\t\t\t\t<\/div>\n\t\t\t\t<div class=\"elementor-element elementor-element-59e3c37 elementor-widget elementor-widget-spacer\" data-id=\"59e3c37\" data-element_type=\"widget\" data-e-type=\"widget\" data-widget_type=\"spacer.default\">\n\t\t\t\t<div class=\"elementor-widget-container\">\n\t\t\t\t\t\t\t<div class=\"elementor-spacer\">\n\t\t\t<div class=\"elementor-spacer-inner\"><\/div>\n\t\t<\/div>\n\t\t\t\t\t\t<\/div>\n\t\t\t\t<\/div>\n\t\t\t\t<div class=\"elementor-element elementor-element-9ed05df elementor-align-center elementor-widget elementor-widget-button\" data-id=\"9ed05df\" data-element_type=\"widget\" data-e-type=\"widget\" data-widget_type=\"button.default\">\n\t\t\t\t<div class=\"elementor-widget-container\">\n\t\t\t\t\t\t\t\t\t<div class=\"elementor-button-wrapper\">\n\t\t\t\t\t<a class=\"elementor-button elementor-button-link elementor-size-md\" href=\"https:\/\/www.inreghin.ro\/gradinita-pp3\/galerie\/\">\n\t\t\t\t\t\t<span class=\"elementor-button-content-wrapper\">\n\t\t\t\t\t\t\t\t\t<span class=\"elementor-button-text\">Vezi galerie foto<\/span>\n\t\t\t\t\t<\/span>\n\t\t\t\t\t<\/a>\n\t\t\t\t<\/div>\n\t\t\t\t\t\t\t\t<\/div>\n\t\t\t\t<\/div>\n\t\t\t\t\t<\/div>\n\t\t<\/div>\n\t\t\t\t<div class=\"elementor-column elementor-col-33 elementor-inner-column elementor-element elementor-element-0700752\" data-id=\"0700752\" data-element_type=\"column\" data-e-type=\"column\">\n\t\t\t<div class=\"elementor-widget-wrap\">\n\t\t\t\t\t\t\t<\/div>\n\t\t<\/div>\n\t\t\t\t\t<\/div>\n\t\t<\/section>\n\t\t\t\t\t<\/div>\n\t\t<\/div>\n\t\t\t\t\t<\/div>\n\t\t<\/section>\n\t\t\t\t<\/div>\n\t\t","protected":false},"excerpt":{"rendered":"<p>Gr\u0103dini\u021ba noastr\u0103 Gr\u0103dini\u021ba cu P.P. nr 3, \u0219i-a deschis por\u021bile \u00een luna octombrie anul 1974. Este situat\u0103 pe strada Iernu\u021beni, nr.26, la Reghin, jude\u021bul Mure\u0219. De<span class=\"excerpt-hellip\"> [\u2026]<\/span><\/p>\n","protected":false},"author":1,"featured_media":0,"parent":0,"menu_order":0,"comment_status":"closed","ping_status":"closed","template":"","meta":{"inline_featured_image":false,"footnotes":""},"class_list":["post-64","page","type-page","status-publish","hentry"],"yoast_head":"<!-- This site is optimized with the Yoast SEO plugin v27.5 - https:\/\/yoast.com\/product\/yoast-seo-wordpress\/ -->\n<title>Cine suntem - Gr\u0103dini\u021ba cu program prelungit nr. 3 - Reghin<\/title>\n<meta name=\"robots\" content=\"index, follow, max-snippet:-1, max-image-preview:large, max-video-preview:-1\" \/>\n<link rel=\"canonical\" href=\"https:\/\/www.inreghin.ro\/gradinita-pp3\/cine-suntem\/\" \/>\n<meta property=\"og:locale\" content=\"en_US\" \/>\n<meta property=\"og:type\" content=\"article\" \/>\n<meta property=\"og:title\" content=\"Cine suntem - Gr\u0103dini\u021ba cu program prelungit nr. 3 - Reghin\" \/>\n<meta property=\"og:description\" content=\"Gr\u0103dini\u021ba noastr\u0103 Gr\u0103dini\u021ba cu P.P. nr 3, \u0219i-a deschis por\u021bile \u00een luna octombrie anul 1974. Este situat\u0103 pe strada Iernu\u021beni, nr.26, la Reghin, jude\u021bul Mure\u0219. De [\u2026]\" \/>\n<meta property=\"og:url\" content=\"https:\/\/www.inreghin.ro\/gradinita-pp3\/cine-suntem\/\" \/>\n<meta property=\"og:site_name\" content=\"Gr\u0103dini\u021ba cu program prelungit nr. 3 - Reghin\" \/>\n<meta property=\"article:modified_time\" content=\"2021-06-16T11:39:22+00:00\" \/>\n<meta property=\"og:image\" content=\"https:\/\/www.inreghin.ro\/gradinita-pp3\/wp-content\/uploads\/sites\/6\/2021\/06\/ZTN_1876-scaled.jpg\" \/>\n<meta name=\"twitter:card\" content=\"summary_large_image\" \/>\n<meta name=\"twitter:label1\" content=\"Est. reading time\" \/>\n\t<meta name=\"twitter:data1\" content=\"4 minutes\" \/>\n<script type=\"application\/ld+json\" class=\"yoast-schema-graph\">{\"@context\":\"https:\\\/\\\/schema.org\",\"@graph\":[{\"@type\":\"WebPage\",\"@id\":\"https:\\\/\\\/www.inreghin.ro\\\/gradinita-pp3\\\/cine-suntem\\\/\",\"url\":\"https:\\\/\\\/www.inreghin.ro\\\/gradinita-pp3\\\/cine-suntem\\\/\",\"name\":\"Cine suntem - Gr\u0103dini\u021ba cu program prelungit nr. 3 - Reghin\",\"isPartOf\":{\"@id\":\"https:\\\/\\\/www.inreghin.ro\\\/gradinita-pp3\\\/#website\"},\"primaryImageOfPage\":{\"@id\":\"https:\\\/\\\/www.inreghin.ro\\\/gradinita-pp3\\\/cine-suntem\\\/#primaryimage\"},\"image\":{\"@id\":\"https:\\\/\\\/www.inreghin.ro\\\/gradinita-pp3\\\/cine-suntem\\\/#primaryimage\"},\"thumbnailUrl\":\"https:\\\/\\\/www.inreghin.ro\\\/gradinita-pp3\\\/wp-content\\\/uploads\\\/sites\\\/6\\\/2021\\\/06\\\/ZTN_1876-scaled.jpg\",\"datePublished\":\"2020-11-26T12:22:31+00:00\",\"dateModified\":\"2021-06-16T11:39:22+00:00\",\"breadcrumb\":{\"@id\":\"https:\\\/\\\/www.inreghin.ro\\\/gradinita-pp3\\\/cine-suntem\\\/#breadcrumb\"},\"inLanguage\":\"en-US\",\"potentialAction\":[{\"@type\":\"ReadAction\",\"target\":[\"https:\\\/\\\/www.inreghin.ro\\\/gradinita-pp3\\\/cine-suntem\\\/\"]}]},{\"@type\":\"ImageObject\",\"inLanguage\":\"en-US\",\"@id\":\"https:\\\/\\\/www.inreghin.ro\\\/gradinita-pp3\\\/cine-suntem\\\/#primaryimage\",\"url\":\"https:\\\/\\\/www.inreghin.ro\\\/gradinita-pp3\\\/wp-content\\\/uploads\\\/sites\\\/6\\\/2021\\\/06\\\/ZTN_1876-scaled.jpg\",\"contentUrl\":\"https:\\\/\\\/www.inreghin.ro\\\/gradinita-pp3\\\/wp-content\\\/uploads\\\/sites\\\/6\\\/2021\\\/06\\\/ZTN_1876-scaled.jpg\",\"width\":2560,\"height\":1704},{\"@type\":\"BreadcrumbList\",\"@id\":\"https:\\\/\\\/www.inreghin.ro\\\/gradinita-pp3\\\/cine-suntem\\\/#breadcrumb\",\"itemListElement\":[{\"@type\":\"ListItem\",\"position\":1,\"name\":\"Home\",\"item\":\"https:\\\/\\\/www.inreghin.ro\\\/gradinita-pp3\\\/\"},{\"@type\":\"ListItem\",\"position\":2,\"name\":\"Cine suntem\"}]},{\"@type\":\"WebSite\",\"@id\":\"https:\\\/\\\/www.inreghin.ro\\\/gradinita-pp3\\\/#website\",\"url\":\"https:\\\/\\\/www.inreghin.ro\\\/gradinita-pp3\\\/\",\"name\":\"Gr\u0103dini\u021ba cu program prelungit nr. 3 - Reghin\",\"description\":\"\",\"potentialAction\":[{\"@type\":\"SearchAction\",\"target\":{\"@type\":\"EntryPoint\",\"urlTemplate\":\"https:\\\/\\\/www.inreghin.ro\\\/gradinita-pp3\\\/?s={search_term_string}\"},\"query-input\":{\"@type\":\"PropertyValueSpecification\",\"valueRequired\":true,\"valueName\":\"search_term_string\"}}],\"inLanguage\":\"en-US\"}]}<\/script>\n<!-- \/ Yoast SEO plugin. -->","yoast_head_json":{"title":"Cine suntem - Gr\u0103dini\u021ba cu program prelungit nr. 3 - Reghin","robots":{"index":"index","follow":"follow","max-snippet":"max-snippet:-1","max-image-preview":"max-image-preview:large","max-video-preview":"max-video-preview:-1"},"canonical":"https:\/\/www.inreghin.ro\/gradinita-pp3\/cine-suntem\/","og_locale":"en_US","og_type":"article","og_title":"Cine suntem - Gr\u0103dini\u021ba cu program prelungit nr. 3 - Reghin","og_description":"Gr\u0103dini\u021ba noastr\u0103 Gr\u0103dini\u021ba cu P.P. nr 3, \u0219i-a deschis por\u021bile \u00een luna octombrie anul 1974. Este situat\u0103 pe strada Iernu\u021beni, nr.26, la Reghin, jude\u021bul Mure\u0219. De [\u2026]","og_url":"https:\/\/www.inreghin.ro\/gradinita-pp3\/cine-suntem\/","og_site_name":"Gr\u0103dini\u021ba cu program prelungit nr. 3 - Reghin","article_modified_time":"2021-06-16T11:39:22+00:00","og_image":[{"url":"https:\/\/www.inreghin.ro\/gradinita-pp3\/wp-content\/uploads\/sites\/6\/2021\/06\/ZTN_1876-scaled.jpg","type":"","width":"","height":""}],"twitter_card":"summary_large_image","twitter_misc":{"Est. reading time":"4 minutes"},"schema":{"@context":"https:\/\/schema.org","@graph":[{"@type":"WebPage","@id":"https:\/\/www.inreghin.ro\/gradinita-pp3\/cine-suntem\/","url":"https:\/\/www.inreghin.ro\/gradinita-pp3\/cine-suntem\/","name":"Cine suntem - Gr\u0103dini\u021ba cu program prelungit nr. 3 - Reghin","isPartOf":{"@id":"https:\/\/www.inreghin.ro\/gradinita-pp3\/#website"},"primaryImageOfPage":{"@id":"https:\/\/www.inreghin.ro\/gradinita-pp3\/cine-suntem\/#primaryimage"},"image":{"@id":"https:\/\/www.inreghin.ro\/gradinita-pp3\/cine-suntem\/#primaryimage"},"thumbnailUrl":"https:\/\/www.inreghin.ro\/gradinita-pp3\/wp-content\/uploads\/sites\/6\/2021\/06\/ZTN_1876-scaled.jpg","datePublished":"2020-11-26T12:22:31+00:00","dateModified":"2021-06-16T11:39:22+00:00","breadcrumb":{"@id":"https:\/\/www.inreghin.ro\/gradinita-pp3\/cine-suntem\/#breadcrumb"},"inLanguage":"en-US","potentialAction":[{"@type":"ReadAction","target":["https:\/\/www.inreghin.ro\/gradinita-pp3\/cine-suntem\/"]}]},{"@type":"ImageObject","inLanguage":"en-US","@id":"https:\/\/www.inreghin.ro\/gradinita-pp3\/cine-suntem\/#primaryimage","url":"https:\/\/www.inreghin.ro\/gradinita-pp3\/wp-content\/uploads\/sites\/6\/2021\/06\/ZTN_1876-scaled.jpg","contentUrl":"https:\/\/www.inreghin.ro\/gradinita-pp3\/wp-content\/uploads\/sites\/6\/2021\/06\/ZTN_1876-scaled.jpg","width":2560,"height":1704},{"@type":"BreadcrumbList","@id":"https:\/\/www.inreghin.ro\/gradinita-pp3\/cine-suntem\/#breadcrumb","itemListElement":[{"@type":"ListItem","position":1,"name":"Home","item":"https:\/\/www.inreghin.ro\/gradinita-pp3\/"},{"@type":"ListItem","position":2,"name":"Cine suntem"}]},{"@type":"WebSite","@id":"https:\/\/www.inreghin.ro\/gradinita-pp3\/#website","url":"https:\/\/www.inreghin.ro\/gradinita-pp3\/","name":"Gr\u0103dini\u021ba cu program prelungit nr. 3 - Reghin","description":"","potentialAction":[{"@type":"SearchAction","target":{"@type":"EntryPoint","urlTemplate":"https:\/\/www.inreghin.ro\/gradinita-pp3\/?s={search_term_string}"},"query-input":{"@type":"PropertyValueSpecification","valueRequired":true,"valueName":"search_term_string"}}],"inLanguage":"en-US"}]}},"_links":{"self":[{"href":"https:\/\/www.inreghin.ro\/gradinita-pp3\/wp-json\/wp\/v2\/pages\/64","targetHints":{"allow":["GET"]}}],"collection":[{"href":"https:\/\/www.inreghin.ro\/gradinita-pp3\/wp-json\/wp\/v2\/pages"}],"about":[{"href":"https:\/\/www.inreghin.ro\/gradinita-pp3\/wp-json\/wp\/v2\/types\/page"}],"author":[{"embeddable":true,"href":"https:\/\/www.inreghin.ro\/gradinita-pp3\/wp-json\/wp\/v2\/users\/1"}],"replies":[{"embeddable":true,"href":"https:\/\/www.inreghin.ro\/gradinita-pp3\/wp-json\/wp\/v2\/comments?post=64"}],"version-history":[{"count":16,"href":"https:\/\/www.inreghin.ro\/gradinita-pp3\/wp-json\/wp\/v2\/pages\/64\/revisions"}],"predecessor-version":[{"id":729,"href":"https:\/\/www.inreghin.ro\/gradinita-pp3\/wp-json\/wp\/v2\/pages\/64\/revisions\/729"}],"wp:attachment":[{"href":"https:\/\/www.inreghin.ro\/gradinita-pp3\/wp-json\/wp\/v2\/media?parent=64"}],"curies":[{"name":"wp","href":"https:\/\/api.w.org\/{rel}","templated":true}]}}